
{"version":"1.0","provider_name":"O Arcanjo no ar","provider_url":"https:\/\/www.oarcanjo.net\/site","title":"Dom Edmar Peron: a import\u00e2ncia da Pastoral Lit\u00fargica - O Arcanjo no ar","type":"rich","width":600,"height":338,"html":"<blockquote class=\"wp-embedded-content\" data-secret=\"Mv0vO6qnAF\"><a href=\"https:\/\/www.oarcanjo.net\/site\/dom-edmar-peron-a-importancia-da-pastoral-liturgica\/\">Dom Edmar Peron: a import\u00e2ncia da Pastoral Lit\u00fargica<\/a><\/blockquote><iframe sandbox=\"allow-scripts\" security=\"restricted\" src=\"https:\/\/www.oarcanjo.net\/site\/dom-edmar-peron-a-importancia-da-pastoral-liturgica\/embed\/#?secret=Mv0vO6qnAF\" width=\"600\" height=\"338\" title=\"&#8220;Dom Edmar Peron: a import\u00e2ncia da Pastoral Lit\u00fargica&#8221; &#8212; O Arcanjo no ar\" data-secret=\"Mv0vO6qnAF\" frameborder=\"0\" marginwidth=\"0\" marginheight=\"0\" scrolling=\"no\" class=\"wp-embedded-content\"><\/iframe><script type=\"text\/javascript\">\n\/* <![CDATA[ *\/\n\/*! This file is auto-generated *\/\n!function(d,l){\"use strict\";l.querySelector&&d.addEventListener&&\"undefined\"!=typeof URL&&(d.wp=d.wp||{},d.wp.receiveEmbedMessage||(d.wp.receiveEmbedMessage=function(e){var t=e.data;if((t||t.secret||t.message||t.value)&&!\/[^a-zA-Z0-9]\/.test(t.secret)){for(var s,r,n,a=l.querySelectorAll('iframe[data-secret=\"'+t.secret+'\"]'),o=l.querySelectorAll('blockquote[data-secret=\"'+t.secret+'\"]'),c=new RegExp(\"^https?:$\",\"i\"),i=0;i<o.length;i++)o[i].style.display=\"none\";for(i=0;i<a.length;i++)s=a[i],e.source===s.contentWindow&&(s.removeAttribute(\"style\"),\"height\"===t.message?(1e3<(r=parseInt(t.value,10))?r=1e3:~~r<200&&(r=200),s.height=r):\"link\"===t.message&&(r=new URL(s.getAttribute(\"src\")),n=new URL(t.value),c.test(n.protocol))&&n.host===r.host&&l.activeElement===s&&(d.top.location.href=t.value))}},d.addEventListener(\"message\",d.wp.receiveEmbedMessage,!1),l.addEventListener(\"DOMContentLoaded\",function(){for(var e,t,s=l.querySelectorAll(\"iframe.wp-embedded-content\"),r=0;r<s.length;r++)(t=(e=s[r]).getAttribute(\"data-secret\"))||(t=Math.random().toString(36).substring(2,12),e.src+=\"#?secret=\"+t,e.setAttribute(\"data-secret\",t)),e.contentWindow.postMessage({message:\"ready\",secret:t},\"*\")},!1)))}(window,document);\n\/* ]]> *\/\n<\/script>\n","description":"Dom Edmar Peron, bispo da Regi\u00e3o Bel\u00e9m, explica a import\u00e2ncia da Pastoral Lit\u00fargica em cada par\u00f3quia ou comunidade. V\u00eddeo em duas partes, gravado na capela do Centro Pastoral S\u00e3o Jos\u00e9 pela equipe de comunica\u00e7\u00e3o dO Arcanjo no ar. 1\u00aa parte 2\u00aa parte","thumbnail_url":"https:\/\/www.oarcanjo.net\/site\/wp-content\/uploads\/logo-o-arcanjo-no-ar-facebook.png","thumbnail_width":300,"thumbnail_height":300}