
{"version":"1.0","provider_name":"O Arcanjo no ar","provider_url":"https:\/\/www.oarcanjo.net\/site","title":"Encontro Arquidiocesano de Comunica\u00e7\u00e3o - O Arcanjo no ar","type":"rich","width":600,"height":338,"html":"<blockquote class=\"wp-embedded-content\" data-secret=\"BuVza15oO5\"><a href=\"https:\/\/www.oarcanjo.net\/site\/encontro-arquidiocesano-de-comunicacao\/\">Encontro Arquidiocesano de Comunica\u00e7\u00e3o<\/a><\/blockquote><iframe sandbox=\"allow-scripts\" security=\"restricted\" src=\"https:\/\/www.oarcanjo.net\/site\/encontro-arquidiocesano-de-comunicacao\/embed\/#?secret=BuVza15oO5\" width=\"600\" height=\"338\" title=\"&#8220;Encontro Arquidiocesano de Comunica\u00e7\u00e3o&#8221; &#8212; O Arcanjo no ar\" data-secret=\"BuVza15oO5\" frameborder=\"0\" marginwidth=\"0\" marginheight=\"0\" scrolling=\"no\" class=\"wp-embedded-content\"><\/iframe><script type=\"text\/javascript\">\n\/* <![CDATA[ *\/\n\/*! This file is auto-generated *\/\n!function(d,l){\"use strict\";l.querySelector&&d.addEventListener&&\"undefined\"!=typeof URL&&(d.wp=d.wp||{},d.wp.receiveEmbedMessage||(d.wp.receiveEmbedMessage=function(e){var t=e.data;if((t||t.secret||t.message||t.value)&&!\/[^a-zA-Z0-9]\/.test(t.secret)){for(var s,r,n,a=l.querySelectorAll('iframe[data-secret=\"'+t.secret+'\"]'),o=l.querySelectorAll('blockquote[data-secret=\"'+t.secret+'\"]'),c=new RegExp(\"^https?:$\",\"i\"),i=0;i<o.length;i++)o[i].style.display=\"none\";for(i=0;i<a.length;i++)s=a[i],e.source===s.contentWindow&&(s.removeAttribute(\"style\"),\"height\"===t.message?(1e3<(r=parseInt(t.value,10))?r=1e3:~~r<200&&(r=200),s.height=r):\"link\"===t.message&&(r=new URL(s.getAttribute(\"src\")),n=new URL(t.value),c.test(n.protocol))&&n.host===r.host&&l.activeElement===s&&(d.top.location.href=t.value))}},d.addEventListener(\"message\",d.wp.receiveEmbedMessage,!1),l.addEventListener(\"DOMContentLoaded\",function(){for(var e,t,s=l.querySelectorAll(\"iframe.wp-embedded-content\"),r=0;r<s.length;r++)(t=(e=s[r]).getAttribute(\"data-secret\"))||(t=Math.random().toString(36).substring(2,12),e.src+=\"#?secret=\"+t,e.setAttribute(\"data-secret\",t)),e.contentWindow.postMessage({message:\"ready\",secret:t},\"*\")},!1)))}(window,document);\n\/* ]]> *\/\n<\/script>\n","description":"A Pastoral da Comunica\u00e7\u00e3o da Arquidiocese de S\u00e3o Paulo promover\u00e1, no dia 21 de novembro (s\u00e1bado), das 14h \u00e0s 18h, no Audit\u00f3rio da Paulinas Livraria (Rua Domingos de Morais, 678 \u2013 Vila Mariana, pr\u00f3ximo da esta\u00e7\u00e3o Ana Rosa do metr\u00f4), o II Encontro Arquidiocesano de Comunica\u00e7\u00e3o, com o tema: Comunica\u00e7\u00e3o na Par\u00f3quia. Est\u00e3o convidados a [&hellip;]","thumbnail_url":"http:\/\/www.oarcanjo.net\/site\/wp-content\/uploads\/cartazIIEncontroArquidComunicacao-212x300.jpg"}