
{"version":"1.0","provider_name":"O Arcanjo no ar","provider_url":"https:\/\/www.oarcanjo.net\/site","title":"Padre J\u00falio recebe homenagem da C\u00e2mara - O Arcanjo no ar","type":"rich","width":600,"height":338,"html":"<blockquote class=\"wp-embedded-content\" data-secret=\"nfQjZJfLJz\"><a href=\"https:\/\/www.oarcanjo.net\/site\/padre-julio-recebe-homenagem-da-camara\/\">Padre J\u00falio recebe homenagem da C\u00e2mara<\/a><\/blockquote><iframe sandbox=\"allow-scripts\" security=\"restricted\" src=\"https:\/\/www.oarcanjo.net\/site\/padre-julio-recebe-homenagem-da-camara\/embed\/#?secret=nfQjZJfLJz\" width=\"600\" height=\"338\" title=\"&#8220;Padre J\u00falio recebe homenagem da C\u00e2mara&#8221; &#8212; O Arcanjo no ar\" data-secret=\"nfQjZJfLJz\" frameborder=\"0\" marginwidth=\"0\" marginheight=\"0\" scrolling=\"no\" class=\"wp-embedded-content\"><\/iframe><script type=\"text\/javascript\">\n\/* <![CDATA[ *\/\n\/*! This file is auto-generated *\/\n!function(d,l){\"use strict\";l.querySelector&&d.addEventListener&&\"undefined\"!=typeof URL&&(d.wp=d.wp||{},d.wp.receiveEmbedMessage||(d.wp.receiveEmbedMessage=function(e){var t=e.data;if((t||t.secret||t.message||t.value)&&!\/[^a-zA-Z0-9]\/.test(t.secret)){for(var s,r,n,a=l.querySelectorAll('iframe[data-secret=\"'+t.secret+'\"]'),o=l.querySelectorAll('blockquote[data-secret=\"'+t.secret+'\"]'),c=new RegExp(\"^https?:$\",\"i\"),i=0;i<o.length;i++)o[i].style.display=\"none\";for(i=0;i<a.length;i++)s=a[i],e.source===s.contentWindow&&(s.removeAttribute(\"style\"),\"height\"===t.message?(1e3<(r=parseInt(t.value,10))?r=1e3:~~r<200&&(r=200),s.height=r):\"link\"===t.message&&(r=new URL(s.getAttribute(\"src\")),n=new URL(t.value),c.test(n.protocol))&&n.host===r.host&&l.activeElement===s&&(d.top.location.href=t.value))}},d.addEventListener(\"message\",d.wp.receiveEmbedMessage,!1),l.addEventListener(\"DOMContentLoaded\",function(){for(var e,t,s=l.querySelectorAll(\"iframe.wp-embedded-content\"),r=0;r<s.length;r++)(t=(e=s[r]).getAttribute(\"data-secret\"))||(t=Math.random().toString(36).substring(2,12),e.src+=\"#?secret=\"+t,e.setAttribute(\"data-secret\",t)),e.contentWindow.postMessage({message:\"ready\",secret:t},\"*\")},!1)))}(window,document);\n\/* ]]> *\/\n<\/script>\n","description":"Em Sess\u00e3o Solene realizada na sexta-feira (03\/12), o padre J\u00falio Lancellotti, foi homenageado pela C\u00e2mara Municipal de S\u00e3o Paulo, em ato relativo \u00e0s comemora\u00e7\u00f5es dos 450 anos do Poder Legislativo Municipal, celebrados neste ano de 2010. Os vereadores entregaram ao padre J\u00falio e a outras personalidades o diploma de &#8220;Gratid\u00e3o da Cidade de S\u00e3o Paulo\u201d, [&hellip;]","thumbnail_url":"http:\/\/www.oarcanjo.net\/site\/wp-content\/uploads\/homenagem-chalita-pejulio-dez-2010-01.jpg"}