
{"version":"1.0","provider_name":"O Arcanjo no ar","provider_url":"https:\/\/www.oarcanjo.net\/site","title":"Pe. Jos\u00e9 Comblin, Pregador da Palavra de Deus - O Arcanjo no ar","type":"rich","width":600,"height":338,"html":"<blockquote class=\"wp-embedded-content\" data-secret=\"T9THUC94Br\"><a href=\"https:\/\/www.oarcanjo.net\/site\/pe-jose-comblin-pregador-da-palavra-de-deus\/\">Pe. Jos\u00e9 Comblin, Pregador da Palavra de Deus<\/a><\/blockquote><iframe sandbox=\"allow-scripts\" security=\"restricted\" src=\"https:\/\/www.oarcanjo.net\/site\/pe-jose-comblin-pregador-da-palavra-de-deus\/embed\/#?secret=T9THUC94Br\" width=\"600\" height=\"338\" title=\"&#8220;Pe. Jos\u00e9 Comblin, Pregador da Palavra de Deus&#8221; &#8212; O Arcanjo no ar\" data-secret=\"T9THUC94Br\" frameborder=\"0\" marginwidth=\"0\" marginheight=\"0\" scrolling=\"no\" class=\"wp-embedded-content\"><\/iframe><script type=\"text\/javascript\">\n\/* <![CDATA[ *\/\n\/*! This file is auto-generated *\/\n!function(d,l){\"use strict\";l.querySelector&&d.addEventListener&&\"undefined\"!=typeof URL&&(d.wp=d.wp||{},d.wp.receiveEmbedMessage||(d.wp.receiveEmbedMessage=function(e){var t=e.data;if((t||t.secret||t.message||t.value)&&!\/[^a-zA-Z0-9]\/.test(t.secret)){for(var s,r,n,a=l.querySelectorAll('iframe[data-secret=\"'+t.secret+'\"]'),o=l.querySelectorAll('blockquote[data-secret=\"'+t.secret+'\"]'),c=new RegExp(\"^https?:$\",\"i\"),i=0;i<o.length;i++)o[i].style.display=\"none\";for(i=0;i<a.length;i++)s=a[i],e.source===s.contentWindow&&(s.removeAttribute(\"style\"),\"height\"===t.message?(1e3<(r=parseInt(t.value,10))?r=1e3:~~r<200&&(r=200),s.height=r):\"link\"===t.message&&(r=new URL(s.getAttribute(\"src\")),n=new URL(t.value),c.test(n.protocol))&&n.host===r.host&&l.activeElement===s&&(d.top.location.href=t.value))}},d.addEventListener(\"message\",d.wp.receiveEmbedMessage,!1),l.addEventListener(\"DOMContentLoaded\",function(){for(var e,t,s=l.querySelectorAll(\"iframe.wp-embedded-content\"),r=0;r<s.length;r++)(t=(e=s[r]).getAttribute(\"data-secret\"))||(t=Math.random().toString(36).substring(2,12),e.src+=\"#?secret=\"+t,e.setAttribute(\"data-secret\",t)),e.contentWindow.postMessage({message:\"ready\",secret:t},\"*\")},!1)))}(window,document);\n\/* ]]> *\/\n<\/script>\n","description":"Domingos Zamagna Jornalista e professor de Filosofia em S\u00e3o Paulo Acabo de participar da Missa de 7\u00ba dia em sufr\u00e1gio do Pe. Jos\u00e9 Comblin. Presidida por Dom Ang\u00e9lico S\u00e2ndalo, em\u00e9rito de Blumenau, ao lado de outros bispos em\u00e9ritos, foi realizada no Convento dos Dominicanos, em cuja Escola de Teologia (hoje intitulada Instituto Bartolomeu de Las [&hellip;]","thumbnail_url":"https:\/\/www.oarcanjo.net\/site\/wp-content\/uploads\/logo-o-arcanjo-no-ar-facebook.png","thumbnail_width":300,"thumbnail_height":300}