
{"version":"1.0","provider_name":"O Arcanjo no ar","provider_url":"https:\/\/www.oarcanjo.net\/site","title":"S\u00e3o Vicente Ferrer - O Arcanjo no ar","type":"rich","width":600,"height":338,"html":"<blockquote class=\"wp-embedded-content\" data-secret=\"oqS6cbmTjY\"><a href=\"https:\/\/www.oarcanjo.net\/site\/sao-vicente-ferrer\/\">S\u00e3o Vicente Ferrer<\/a><\/blockquote><iframe sandbox=\"allow-scripts\" security=\"restricted\" src=\"https:\/\/www.oarcanjo.net\/site\/sao-vicente-ferrer\/embed\/#?secret=oqS6cbmTjY\" width=\"600\" height=\"338\" title=\"&#8220;S\u00e3o Vicente Ferrer&#8221; &#8212; O Arcanjo no ar\" data-secret=\"oqS6cbmTjY\" frameborder=\"0\" marginwidth=\"0\" marginheight=\"0\" scrolling=\"no\" class=\"wp-embedded-content\"><\/iframe><script type=\"text\/javascript\">\n\/* <![CDATA[ *\/\n\/*! This file is auto-generated *\/\n!function(d,l){\"use strict\";l.querySelector&&d.addEventListener&&\"undefined\"!=typeof URL&&(d.wp=d.wp||{},d.wp.receiveEmbedMessage||(d.wp.receiveEmbedMessage=function(e){var t=e.data;if((t||t.secret||t.message||t.value)&&!\/[^a-zA-Z0-9]\/.test(t.secret)){for(var s,r,n,a=l.querySelectorAll('iframe[data-secret=\"'+t.secret+'\"]'),o=l.querySelectorAll('blockquote[data-secret=\"'+t.secret+'\"]'),c=new RegExp(\"^https?:$\",\"i\"),i=0;i<o.length;i++)o[i].style.display=\"none\";for(i=0;i<a.length;i++)s=a[i],e.source===s.contentWindow&&(s.removeAttribute(\"style\"),\"height\"===t.message?(1e3<(r=parseInt(t.value,10))?r=1e3:~~r<200&&(r=200),s.height=r):\"link\"===t.message&&(r=new URL(s.getAttribute(\"src\")),n=new URL(t.value),c.test(n.protocol))&&n.host===r.host&&l.activeElement===s&&(d.top.location.href=t.value))}},d.addEventListener(\"message\",d.wp.receiveEmbedMessage,!1),l.addEventListener(\"DOMContentLoaded\",function(){for(var e,t,s=l.querySelectorAll(\"iframe.wp-embedded-content\"),r=0;r<s.length;r++)(t=(e=s[r]).getAttribute(\"data-secret\"))||(t=Math.random().toString(36).substring(2,12),e.src+=\"#?secret=\"+t,e.setAttribute(\"data-secret\",t)),e.contentWindow.postMessage({message:\"ready\",secret:t},\"*\")},!1)))}(window,document);\n\/* ]]> *\/\n<\/script>\n","description":"5 de Abril Vicente nasceu em Val\u00eancia, na Espanha, em 1350. Passou a inf\u00e2ncia e a juventude junto aos padres dominicanos, que tinham um convento pr\u00f3ximo de sua casa. Percebendo sua voca\u00e7\u00e3o, pediu ingresso na Ordem dos Pregadores (dominicanos) aos dezessete anos. Vicente estudou em L\u00e9rida, Barcelona e Tolosa, doutorando-se em filosofia e teologia, e [&hellip;]","thumbnail_url":"http:\/\/www.oarcanjo.net\/site\/wp-content\/uploads\/Sao-Vicente-Ferrer.jpg"}