
{"version":"1.0","provider_name":"O Arcanjo no ar","provider_url":"https:\/\/www.oarcanjo.net\/site","title":"Setor Bel\u00e9m faz peregrina\u00e7\u00e3o do Ano Paulino - O Arcanjo no ar","type":"rich","width":600,"height":338,"html":"<blockquote class=\"wp-embedded-content\" data-secret=\"KUTNZTTtfs\"><a href=\"https:\/\/www.oarcanjo.net\/site\/setor-belem-faz-peregrinacao-do-ano-paulino\/\">Setor Bel\u00e9m faz peregrina\u00e7\u00e3o do Ano Paulino<\/a><\/blockquote><iframe sandbox=\"allow-scripts\" security=\"restricted\" src=\"https:\/\/www.oarcanjo.net\/site\/setor-belem-faz-peregrinacao-do-ano-paulino\/embed\/#?secret=KUTNZTTtfs\" width=\"600\" height=\"338\" title=\"&#8220;Setor Bel\u00e9m faz peregrina\u00e7\u00e3o do Ano Paulino&#8221; &#8212; O Arcanjo no ar\" data-secret=\"KUTNZTTtfs\" frameborder=\"0\" marginwidth=\"0\" marginheight=\"0\" scrolling=\"no\" class=\"wp-embedded-content\"><\/iframe><script type=\"text\/javascript\">\n\/* <![CDATA[ *\/\n\/*! This file is auto-generated *\/\n!function(d,l){\"use strict\";l.querySelector&&d.addEventListener&&\"undefined\"!=typeof URL&&(d.wp=d.wp||{},d.wp.receiveEmbedMessage||(d.wp.receiveEmbedMessage=function(e){var t=e.data;if((t||t.secret||t.message||t.value)&&!\/[^a-zA-Z0-9]\/.test(t.secret)){for(var s,r,n,a=l.querySelectorAll('iframe[data-secret=\"'+t.secret+'\"]'),o=l.querySelectorAll('blockquote[data-secret=\"'+t.secret+'\"]'),c=new RegExp(\"^https?:$\",\"i\"),i=0;i<o.length;i++)o[i].style.display=\"none\";for(i=0;i<a.length;i++)s=a[i],e.source===s.contentWindow&&(s.removeAttribute(\"style\"),\"height\"===t.message?(1e3<(r=parseInt(t.value,10))?r=1e3:~~r<200&&(r=200),s.height=r):\"link\"===t.message&&(r=new URL(s.getAttribute(\"src\")),n=new URL(t.value),c.test(n.protocol))&&n.host===r.host&&l.activeElement===s&&(d.top.location.href=t.value))}},d.addEventListener(\"message\",d.wp.receiveEmbedMessage,!1),l.addEventListener(\"DOMContentLoaded\",function(){for(var e,t,s=l.querySelectorAll(\"iframe.wp-embedded-content\"),r=0;r<s.length;r++)(t=(e=s[r]).getAttribute(\"data-secret\"))||(t=Math.random().toString(36).substring(2,12),e.src+=\"#?secret=\"+t,e.setAttribute(\"data-secret\",t)),e.contentWindow.postMessage({message:\"ready\",secret:t},\"*\")},!1)))}(window,document);\n\/* ]]> *\/\n<\/script>\n","description":"O Setor Bel\u00e9m fez peregrina\u00e7\u00e3o do ano santo no s\u00e1bado, dia 7. A comunidade S\u00e3o Miguel Arcanjo se encontrou na par\u00f3quia logo cedo e saiu em caminhada \u00e0s 9h30 pelas ruas da Mooca at\u00e9 a igreja S\u00e3o Paulo Ap\u00f3stolo, santu\u00e1rio do Ano Paulino, onde foi celebrada missa. Veja as imagens abaixo: Your browser does not [&hellip;]","thumbnail_url":"http:\/\/www.oarcanjo.net\/site\/wp-content\/uploads\/peregrinacao-anopaulino-sbelem_07032009_02.jpg"}