
{"id":112104,"date":"2021-09-23T15:19:43","date_gmt":"2021-09-23T18:19:43","guid":{"rendered":"https:\/\/www.oarcanjo.net\/site\/apoio-aos-moradores-de-rua-copy\/"},"modified":"2023-04-03T10:34:49","modified_gmt":"2023-04-03T13:34:49","slug":"doe","status":"publish","type":"page","link":"https:\/\/www.oarcanjo.net\/site\/doe\/","title":{"rendered":"Doe agora"},"content":{"rendered":"<p>Para doa\u00e7\u00f5es banc\u00e1rias, use a conta abaixo:<\/p>\n<p><strong>Par\u00f3quia S\u00e3o Miguel Arcanjo&nbsp;<\/strong>(aparece a raz\u00e3o social &#8220;Mitra Arquidiocesana de S\u00e3o Paulo&#8221;)<br \/>\n<strong>Banco Bradesco:<\/strong> 237<br \/>\n<strong>Ag\u00eancia:<\/strong> 0132<br \/>\n<strong>CC:<\/strong> 0535857-4<br \/>\n<strong>CNPJ:<\/strong> 63.089.825\/0097-96<br \/>\n&nbsp;<\/p>\n<p><img loading=\"lazy\" decoding=\"async\" class=\"alignnone wp-image-112107\" src=\"https:\/\/www.oarcanjo.net\/site\/wp-content\/uploads\/Logo_-_pix_powered_by_Banco_Central_Brazil_2020-1024x363.png\" alt=\"\" width=\"274\" height=\"97\" srcset=\"https:\/\/www.oarcanjo.net\/site\/wp-content\/uploads\/Logo_-_pix_powered_by_Banco_Central_Brazil_2020-1024x363.png 1024w, https:\/\/www.oarcanjo.net\/site\/wp-content\/uploads\/Logo_-_pix_powered_by_Banco_Central_Brazil_2020-300x106.png 300w, https:\/\/www.oarcanjo.net\/site\/wp-content\/uploads\/Logo_-_pix_powered_by_Banco_Central_Brazil_2020-768x272.png 768w, https:\/\/www.oarcanjo.net\/site\/wp-content\/uploads\/Logo_-_pix_powered_by_Banco_Central_Brazil_2020-600x213.png 600w\" sizes=\"(max-width: 274px) 100vw, 274px\" \/><br \/>\nSe preferir fazer <strong>Pix<\/strong>, a chave \u00e9 o CNPJ <strong>63089825009796<\/strong><br \/>\n&nbsp;<\/p>\n<p>Para doa\u00e7\u00f5es internacionais ou com cart\u00e3o de cr\u00e9dito, aponte seu celular para o QR code abaixo ou clique no bot\u00e3o do <strong>PayPal<\/strong><\/p>\n<p><img loading=\"lazy\" decoding=\"async\" class=\"alignnone size-full wp-image-112110\" src=\"https:\/\/www.oarcanjo.net\/site\/wp-content\/uploads\/QR-Code-PayPal.png\" alt=\"\" width=\"153\" height=\"153\" srcset=\"https:\/\/www.oarcanjo.net\/site\/wp-content\/uploads\/QR-Code-PayPal.png 153w, https:\/\/www.oarcanjo.net\/site\/wp-content\/uploads\/QR-Code-PayPal-150x150.png 150w\" sizes=\"(max-width: 153px) 100vw, 153px\" \/><\/p>\n<form action=\"https:\/\/www.paypal.com\/donate\" method=\"post\" target=\"_top\"><input name=\"hosted_button_id\" type=\"hidden\" value=\"MDLYVB37JN2SC\"><br \/>\n<input title=\"PayPal - The safer, easier way to pay online!\" alt=\"Donate with PayPal button\" name=\"submit\" src=\"https:\/\/www.paypalobjects.com\/pt_BR\/BR\/i\/btn\/btn_donateCC_LG.gif\" type=\"image\"><br \/>\n<img loading=\"lazy\" decoding=\"async\" src=\"https:\/\/www.paypal.com\/pt_BR\/i\/scr\/pixel.gif\" alt=\"\" width=\"1\" height=\"1\" border=\"0\"><\/form>\n<p>&nbsp;<\/p>\n<div id=\"themify_builder_content-112104\" data-postid=\"112104\" class=\"themify_builder_content themify_builder_content-112104 themify_builder themify_builder_front\">\n\t<\/div>\n<!-- \/themify_builder_content -->","protected":false},"excerpt":{"rendered":"<p>Para doa\u00e7\u00f5es banc\u00e1rias, use a conta abaixo: Par\u00f3quia S\u00e3o Miguel Arcanjo&nbsp;(aparece a raz\u00e3o social &#8220;Mitra Arquidiocesana de S\u00e3o Paulo&#8221;) Banco Bradesco: 237 Ag\u00eancia: 0132 CC: 0535857-4 CNPJ: 63.089.825\/0097-96 &nbsp; Se preferir fazer Pix, a chave \u00e9 o CNPJ 63089825009796 &nbsp; Para doa\u00e7\u00f5es internacionais ou com cart\u00e3o de cr\u00e9dito, aponte seu celular para o QR code [&hellip;]<\/p>\n","protected":false},"author":5,"featured_media":0,"parent":0,"menu_order":1,"comment_status":"closed","ping_status":"closed","template":"","meta":{"ngg_post_thumbnail":0,"footnotes":""},"yoast_head":"<!-- This site is optimized with the Yoast SEO plugin v23.5 - https:\/\/yoast.com\/wordpress\/plugins\/seo\/ -->\n<title>Doe agora - O Arcanjo no ar<\/title>\n<meta name=\"description\" content=\"P\u00e1gina de apoio ao Pe. Julio Lancellotti e ao trabalho dele com moradores de rua e demais exclu\u00eddos da sociedade\" \/>\n<meta name=\"robots\" content=\"index, follow, max-snippet:-1, max-image-preview:large, max-video-preview:-1\" \/>\n<link rel=\"canonical\" href=\"https:\/\/www.oarcanjo.net\/site\/doe\/\" \/>\n<meta property=\"og:locale\" content=\"pt_BR\" \/>\n<meta property=\"og:type\" content=\"article\" \/>\n<meta property=\"og:title\" content=\"Doe para as a\u00e7\u00f5es sociais do Pe. Julio Lancellotti\" \/>\n<meta property=\"og:description\" content=\"Saiba como apoiar as a\u00e7\u00f5es solid\u00e1rias realizadas pela comunidade S\u00e3o Miguel Arcanjo, presidida pelo Pe. Julio Lancellotti.\" \/>\n<meta property=\"og:url\" content=\"https:\/\/www.oarcanjo.net\/site\/doe\/\" \/>\n<meta property=\"og:site_name\" content=\"O Arcanjo no ar\" \/>\n<meta property=\"article:publisher\" content=\"https:\/\/www.facebook.com\/OArcanjoNoAr\/\" \/>\n<meta property=\"article:modified_time\" content=\"2023-04-03T13:34:49+00:00\" \/>\n<meta property=\"og:image\" content=\"https:\/\/www.oarcanjo.net\/site\/wp-content\/uploads\/banner-voce-quer-colaborar-abr-2020.jpg\" \/>\n\t<meta property=\"og:image:width\" content=\"350\" \/>\n\t<meta property=\"og:image:height\" content=\"350\" \/>\n\t<meta property=\"og:image:type\" content=\"image\/jpeg\" \/>\n<meta name=\"twitter:card\" content=\"summary_large_image\" \/>\n<meta name=\"twitter:title\" content=\"Querida Amaz\u00f4nia, a Exorta\u00e7\u00e3o do Papa Francisco p\u00f3s-S\u00ednodo\" \/>\n<meta name=\"twitter:description\" content=\"Lan\u00e7ada dia 12\/02\/2020, a Exorta\u00e7\u00e3o Apost\u00f3lica Querida Amaz\u00f4nia tra\u00e7a novos caminhos de evangeliza\u00e7\u00e3o e cuidados do meio ambiente e dos pobres. O site O Arcanjo no ar re\u00fane neste p\u00e1gina v\u00eddeos e artigos sobre o tema\" \/>\n<meta name=\"twitter:image\" content=\"https:\/\/www.oarcanjo.net\/site\/wp-content\/uploads\/PapaFrancisco-QueridaAmazonia.jpg\" \/>\n<script type=\"application\/ld+json\" class=\"yoast-schema-graph\">{\"@context\":\"https:\/\/schema.org\",\"@graph\":[{\"@type\":\"WebPage\",\"@id\":\"https:\/\/www.oarcanjo.net\/site\/doe\/\",\"url\":\"https:\/\/www.oarcanjo.net\/site\/doe\/\",\"name\":\"Doe agora - O Arcanjo no ar\",\"isPartOf\":{\"@id\":\"https:\/\/www.oarcanjo.net\/site\/#website\"},\"primaryImageOfPage\":{\"@id\":\"https:\/\/www.oarcanjo.net\/site\/doe\/#primaryimage\"},\"image\":{\"@id\":\"https:\/\/www.oarcanjo.net\/site\/doe\/#primaryimage\"},\"thumbnailUrl\":\"https:\/\/www.oarcanjo.net\/site\/wp-content\/uploads\/Logo_-_pix_powered_by_Banco_Central_Brazil_2020-1024x363.png\",\"datePublished\":\"2021-09-23T18:19:43+00:00\",\"dateModified\":\"2023-04-03T13:34:49+00:00\",\"description\":\"P\u00e1gina de apoio ao Pe. Julio Lancellotti e ao trabalho dele com moradores de rua e demais exclu\u00eddos da sociedade\",\"breadcrumb\":{\"@id\":\"https:\/\/www.oarcanjo.net\/site\/doe\/#breadcrumb\"},\"inLanguage\":\"pt-BR\",\"potentialAction\":[{\"@type\":\"ReadAction\",\"target\":[\"https:\/\/www.oarcanjo.net\/site\/doe\/\"]}]},{\"@type\":\"ImageObject\",\"inLanguage\":\"pt-BR\",\"@id\":\"https:\/\/www.oarcanjo.net\/site\/doe\/#primaryimage\",\"url\":\"https:\/\/www.oarcanjo.net\/site\/wp-content\/uploads\/Logo_-_pix_powered_by_Banco_Central_Brazil_2020.png\",\"contentUrl\":\"https:\/\/www.oarcanjo.net\/site\/wp-content\/uploads\/Logo_-_pix_powered_by_Banco_Central_Brazil_2020.png\",\"width\":4097,\"height\":1452},{\"@type\":\"BreadcrumbList\",\"@id\":\"https:\/\/www.oarcanjo.net\/site\/doe\/#breadcrumb\",\"itemListElement\":[{\"@type\":\"ListItem\",\"position\":1,\"name\":\"In\u00edcio\",\"item\":\"https:\/\/www.oarcanjo.net\/site\/\"},{\"@type\":\"ListItem\",\"position\":2,\"name\":\"Doe agora\"}]},{\"@type\":\"WebSite\",\"@id\":\"https:\/\/www.oarcanjo.net\/site\/#website\",\"url\":\"https:\/\/www.oarcanjo.net\/site\/\",\"name\":\"O Arcanjo no ar\",\"description\":\"Site da Par\u00f3quia S\u00e3o Miguel Arcanjo (Arquidiocese de SP)\",\"publisher\":{\"@id\":\"https:\/\/www.oarcanjo.net\/site\/#organization\"},\"potentialAction\":[{\"@type\":\"SearchAction\",\"target\":{\"@type\":\"EntryPoint\",\"urlTemplate\":\"https:\/\/www.oarcanjo.net\/site\/?s={search_term_string}\"},\"query-input\":{\"@type\":\"PropertyValueSpecification\",\"valueRequired\":true,\"valueName\":\"search_term_string\"}}],\"inLanguage\":\"pt-BR\"},{\"@type\":\"Organization\",\"@id\":\"https:\/\/www.oarcanjo.net\/site\/#organization\",\"name\":\"Par\u00f3quia S\u00e3o Miguel Arcanjo\",\"url\":\"https:\/\/www.oarcanjo.net\/site\/\",\"logo\":{\"@type\":\"ImageObject\",\"inLanguage\":\"pt-BR\",\"@id\":\"https:\/\/www.oarcanjo.net\/site\/#\/schema\/logo\/image\/\",\"url\":\"https:\/\/www.oarcanjo.net\/site\/wp-content\/uploads\/LogoOArcanjo.png\",\"contentUrl\":\"https:\/\/www.oarcanjo.net\/site\/wp-content\/uploads\/LogoOArcanjo.png\",\"width\":319,\"height\":99,\"caption\":\"Par\u00f3quia S\u00e3o Miguel Arcanjo\"},\"image\":{\"@id\":\"https:\/\/www.oarcanjo.net\/site\/#\/schema\/logo\/image\/\"},\"sameAs\":[\"https:\/\/www.facebook.com\/OArcanjoNoAr\/\"]}]}<\/script>\n<!-- \/ Yoast SEO plugin. -->","yoast_head_json":{"title":"Doe agora - O Arcanjo no ar","description":"P\u00e1gina de apoio ao Pe. Julio Lancellotti e ao trabalho dele com moradores de rua e demais exclu\u00eddos da sociedade","robots":{"index":"index","follow":"follow","max-snippet":"max-snippet:-1","max-image-preview":"max-image-preview:large","max-video-preview":"max-video-preview:-1"},"canonical":"https:\/\/www.oarcanjo.net\/site\/doe\/","og_locale":"pt_BR","og_type":"article","og_title":"Doe para as a\u00e7\u00f5es sociais do Pe. Julio Lancellotti","og_description":"Saiba como apoiar as a\u00e7\u00f5es solid\u00e1rias realizadas pela comunidade S\u00e3o Miguel Arcanjo, presidida pelo Pe. Julio Lancellotti.","og_url":"https:\/\/www.oarcanjo.net\/site\/doe\/","og_site_name":"O Arcanjo no ar","article_publisher":"https:\/\/www.facebook.com\/OArcanjoNoAr\/","article_modified_time":"2023-04-03T13:34:49+00:00","og_image":[{"width":350,"height":350,"url":"https:\/\/www.oarcanjo.net\/site\/wp-content\/uploads\/banner-voce-quer-colaborar-abr-2020.jpg","type":"image\/jpeg"}],"twitter_card":"summary_large_image","twitter_title":"Querida Amaz\u00f4nia, a Exorta\u00e7\u00e3o do Papa Francisco p\u00f3s-S\u00ednodo","twitter_description":"Lan\u00e7ada dia 12\/02\/2020, a Exorta\u00e7\u00e3o Apost\u00f3lica Querida Amaz\u00f4nia tra\u00e7a novos caminhos de evangeliza\u00e7\u00e3o e cuidados do meio ambiente e dos pobres. O site O Arcanjo no ar re\u00fane neste p\u00e1gina v\u00eddeos e artigos sobre o tema","twitter_image":"https:\/\/www.oarcanjo.net\/site\/wp-content\/uploads\/PapaFrancisco-QueridaAmazonia.jpg","schema":{"@context":"https:\/\/schema.org","@graph":[{"@type":"WebPage","@id":"https:\/\/www.oarcanjo.net\/site\/doe\/","url":"https:\/\/www.oarcanjo.net\/site\/doe\/","name":"Doe agora - O Arcanjo no ar","isPartOf":{"@id":"https:\/\/www.oarcanjo.net\/site\/#website"},"primaryImageOfPage":{"@id":"https:\/\/www.oarcanjo.net\/site\/doe\/#primaryimage"},"image":{"@id":"https:\/\/www.oarcanjo.net\/site\/doe\/#primaryimage"},"thumbnailUrl":"https:\/\/www.oarcanjo.net\/site\/wp-content\/uploads\/Logo_-_pix_powered_by_Banco_Central_Brazil_2020-1024x363.png","datePublished":"2021-09-23T18:19:43+00:00","dateModified":"2023-04-03T13:34:49+00:00","description":"P\u00e1gina de apoio ao Pe. Julio Lancellotti e ao trabalho dele com moradores de rua e demais exclu\u00eddos da sociedade","breadcrumb":{"@id":"https:\/\/www.oarcanjo.net\/site\/doe\/#breadcrumb"},"inLanguage":"pt-BR","potentialAction":[{"@type":"ReadAction","target":["https:\/\/www.oarcanjo.net\/site\/doe\/"]}]},{"@type":"ImageObject","inLanguage":"pt-BR","@id":"https:\/\/www.oarcanjo.net\/site\/doe\/#primaryimage","url":"https:\/\/www.oarcanjo.net\/site\/wp-content\/uploads\/Logo_-_pix_powered_by_Banco_Central_Brazil_2020.png","contentUrl":"https:\/\/www.oarcanjo.net\/site\/wp-content\/uploads\/Logo_-_pix_powered_by_Banco_Central_Brazil_2020.png","width":4097,"height":1452},{"@type":"BreadcrumbList","@id":"https:\/\/www.oarcanjo.net\/site\/doe\/#breadcrumb","itemListElement":[{"@type":"ListItem","position":1,"name":"In\u00edcio","item":"https:\/\/www.oarcanjo.net\/site\/"},{"@type":"ListItem","position":2,"name":"Doe agora"}]},{"@type":"WebSite","@id":"https:\/\/www.oarcanjo.net\/site\/#website","url":"https:\/\/www.oarcanjo.net\/site\/","name":"O Arcanjo no ar","description":"Site da Par\u00f3quia S\u00e3o Miguel Arcanjo (Arquidiocese de SP)","publisher":{"@id":"https:\/\/www.oarcanjo.net\/site\/#organization"},"potentialAction":[{"@type":"SearchAction","target":{"@type":"EntryPoint","urlTemplate":"https:\/\/www.oarcanjo.net\/site\/?s={search_term_string}"},"query-input":{"@type":"PropertyValueSpecification","valueRequired":true,"valueName":"search_term_string"}}],"inLanguage":"pt-BR"},{"@type":"Organization","@id":"https:\/\/www.oarcanjo.net\/site\/#organization","name":"Par\u00f3quia S\u00e3o Miguel Arcanjo","url":"https:\/\/www.oarcanjo.net\/site\/","logo":{"@type":"ImageObject","inLanguage":"pt-BR","@id":"https:\/\/www.oarcanjo.net\/site\/#\/schema\/logo\/image\/","url":"https:\/\/www.oarcanjo.net\/site\/wp-content\/uploads\/LogoOArcanjo.png","contentUrl":"https:\/\/www.oarcanjo.net\/site\/wp-content\/uploads\/LogoOArcanjo.png","width":319,"height":99,"caption":"Par\u00f3quia S\u00e3o Miguel Arcanjo"},"image":{"@id":"https:\/\/www.oarcanjo.net\/site\/#\/schema\/logo\/image\/"},"sameAs":["https:\/\/www.facebook.com\/OArcanjoNoAr\/"]}]}},"publishpress_future_action":{"enabled":false,"date":"2026-05-06 04:47:16","action":"category","newStatus":"draft","terms":[],"taxonomy":""},"publishpress_future_workflow_manual_trigger":{"enabledWorkflows":[]},"_links":{"self":[{"href":"https:\/\/www.oarcanjo.net\/site\/wp-json\/wp\/v2\/pages\/112104"}],"collection":[{"href":"https:\/\/www.oarcanjo.net\/site\/wp-json\/wp\/v2\/pages"}],"about":[{"href":"https:\/\/www.oarcanjo.net\/site\/wp-json\/wp\/v2\/types\/page"}],"author":[{"embeddable":true,"href":"https:\/\/www.oarcanjo.net\/site\/wp-json\/wp\/v2\/users\/5"}],"replies":[{"embeddable":true,"href":"https:\/\/www.oarcanjo.net\/site\/wp-json\/wp\/v2\/comments?post=112104"}],"version-history":[{"count":8,"href":"https:\/\/www.oarcanjo.net\/site\/wp-json\/wp\/v2\/pages\/112104\/revisions"}],"predecessor-version":[{"id":125007,"href":"https:\/\/www.oarcanjo.net\/site\/wp-json\/wp\/v2\/pages\/112104\/revisions\/125007"}],"wp:attachment":[{"href":"https:\/\/www.oarcanjo.net\/site\/wp-json\/wp\/v2\/media?parent=112104"}],"curies":[{"name":"wp","href":"https:\/\/api.w.org\/{rel}","templated":true}]}}