
{"id":11585,"date":"2010-11-02T00:42:27","date_gmt":"2010-11-02T02:42:27","guid":{"rendered":"http:\/\/www.oarcanjo.net\/site\/index.php\/"},"modified":"2014-09-28T21:32:43","modified_gmt":"2014-09-29T00:32:43","slug":"pastoral-da-esperanca-2","status":"publish","type":"page","link":"https:\/\/www.oarcanjo.net\/site\/pastorais-e-servicos\/pastoral-da-esperanca-2\/","title":{"rendered":"Pastoral da Esperan\u00e7a"},"content":{"rendered":"<p>\u201cA presen\u00e7a do Senhor Ressuscitado, no momento de dor e sofrimento com a separa\u00e7\u00e3o causada pela morte nos conforta e enche de esperan\u00e7a. Nessa hora, n\u00e3o pode faltar a presen\u00e7a amiga, fraterna e solid\u00e1ria da comunidade eclesial junto \u00e0queles que foram visitados pela morte. As equipes da Pastoral da Esperan\u00e7a t\u00eam realizado seu trabalho, reconfortando os que choram, acompanhando a fam\u00edlia enlutada e, sobretudo, acendendo em todos a chama da f\u00e9 em Cristo Ressuscitado, garantia de nossa ressurrei\u00e7\u00e3o.\u201d (Nossa P\u00e1scoa &#8211; ed. Paulus).<\/p>\n<p>Ex\u00e9quias s\u00e3o ritos e ora\u00e7\u00f5es, em nome da Igreja Cat\u00f3lica, por aquele que se despede da nossa companhia. Quem celebra s\u00e3o os sacerdotes ou ministros que receberam a investidura ou un\u00e7\u00e3o pelo Bispo. Destacam-se desse momento o Acolhimento, a leitura da Sagrada Escritura, a Ora\u00e7\u00e3o Comunit\u00e1ria e a Encomenda\u00e7\u00e3o.<\/p>\n<p>As par\u00f3quias do Setor Bel\u00e9m est\u00e3o presentes diariamente no Cemit\u00e9rio da Quarta Parada, organizadas em sistema de escala para as ex\u00e9quias, sob a coordena\u00e7\u00e3o do Di\u00e1cono Barbosa (da Igreja Nossa Senhora de Lourdes). \u00c9 a firme atua\u00e7\u00e3o volunt\u00e1ria da Pastoral da Esperan\u00e7a.<\/p>\n<p>A comunidade S\u00e3o Miguel Arcanjo, tendo como ministro o Carlos Alberto Beatriz, agora acompanhado pelo Mauro Fagundes, participa dessa escala, nos s\u00e1bados, juntamente com a comunidade S\u00e3o Paulo Ap\u00f3stolo. Est\u00e3o ali para rezar junto com os familiares e amigos, bem como para confortar aqueles que perderam entes queridos.<\/p>\n<div id=\"themify_builder_content-11585\" data-postid=\"11585\" class=\"themify_builder_content themify_builder_content-11585 themify_builder themify_builder_front\">\n\t<\/div>\n<!-- \/themify_builder_content -->","protected":false},"excerpt":{"rendered":"<p>\u201cA presen\u00e7a do Senhor Ressuscitado, no momento de dor e sofrimento com a separa\u00e7\u00e3o causada pela morte nos conforta e enche de esperan\u00e7a. Nessa hora, n\u00e3o pode faltar a presen\u00e7a amiga, fraterna e solid\u00e1ria da comunidade eclesial junto \u00e0queles que foram visitados pela morte. As equipes da Pastoral da Esperan\u00e7a t\u00eam realizado seu trabalho, reconfortando [&hellip;]<\/p>\n","protected":false},"author":10,"featured_media":0,"parent":13,"menu_order":0,"comment_status":"open","ping_status":"closed","template":"","meta":{"ngg_post_thumbnail":0,"footnotes":""},"yoast_head":"<!-- This site is optimized with the Yoast SEO plugin v23.5 - https:\/\/yoast.com\/wordpress\/plugins\/seo\/ -->\n<title>Pastoral da Esperan\u00e7a - O Arcanjo no ar<\/title>\n<meta name=\"robots\" content=\"index, follow, max-snippet:-1, max-image-preview:large, max-video-preview:-1\" \/>\n<link rel=\"canonical\" href=\"https:\/\/www.oarcanjo.net\/site\/pastorais-e-servicos\/pastoral-da-esperanca-2\/\" \/>\n<meta property=\"og:locale\" content=\"pt_BR\" \/>\n<meta property=\"og:type\" content=\"article\" \/>\n<meta property=\"og:title\" content=\"Pastoral da Esperan\u00e7a - O Arcanjo no ar\" \/>\n<meta property=\"og:description\" content=\"\u201cA presen\u00e7a do Senhor Ressuscitado, no momento de dor e sofrimento com a separa\u00e7\u00e3o causada pela morte nos conforta e enche de esperan\u00e7a. Nessa hora, n\u00e3o pode faltar a presen\u00e7a amiga, fraterna e solid\u00e1ria da comunidade eclesial junto \u00e0queles que foram visitados pela morte. As equipes da Pastoral da Esperan\u00e7a t\u00eam realizado seu trabalho, reconfortando [&hellip;]\" \/>\n<meta property=\"og:url\" content=\"https:\/\/www.oarcanjo.net\/site\/pastorais-e-servicos\/pastoral-da-esperanca-2\/\" \/>\n<meta property=\"og:site_name\" content=\"O Arcanjo no ar\" \/>\n<meta property=\"article:publisher\" content=\"https:\/\/www.facebook.com\/OArcanjoNoAr\/\" \/>\n<meta property=\"article:modified_time\" content=\"2014-09-29T00:32:43+00:00\" \/>\n<meta property=\"og:image\" content=\"https:\/\/www.oarcanjo.net\/site\/wp-content\/uploads\/logo-o-arcanjo-no-ar-facebook.png\" \/>\n\t<meta property=\"og:image:width\" content=\"300\" \/>\n\t<meta property=\"og:image:height\" content=\"300\" \/>\n\t<meta property=\"og:image:type\" content=\"image\/png\" \/>\n<meta name=\"twitter:card\" content=\"summary_large_image\" \/>\n<meta name=\"twitter:label1\" content=\"Est. tempo de leitura\" \/>\n\t<meta name=\"twitter:data1\" content=\"1 minuto\" \/>\n<script type=\"application\/ld+json\" class=\"yoast-schema-graph\">{\"@context\":\"https:\/\/schema.org\",\"@graph\":[{\"@type\":\"WebPage\",\"@id\":\"https:\/\/www.oarcanjo.net\/site\/pastorais-e-servicos\/pastoral-da-esperanca-2\/\",\"url\":\"https:\/\/www.oarcanjo.net\/site\/pastorais-e-servicos\/pastoral-da-esperanca-2\/\",\"name\":\"Pastoral da Esperan\u00e7a - O Arcanjo no ar\",\"isPartOf\":{\"@id\":\"https:\/\/www.oarcanjo.net\/site\/#website\"},\"datePublished\":\"2010-11-02T02:42:27+00:00\",\"dateModified\":\"2014-09-29T00:32:43+00:00\",\"breadcrumb\":{\"@id\":\"https:\/\/www.oarcanjo.net\/site\/pastorais-e-servicos\/pastoral-da-esperanca-2\/#breadcrumb\"},\"inLanguage\":\"pt-BR\",\"potentialAction\":[{\"@type\":\"ReadAction\",\"target\":[\"https:\/\/www.oarcanjo.net\/site\/pastorais-e-servicos\/pastoral-da-esperanca-2\/\"]}]},{\"@type\":\"BreadcrumbList\",\"@id\":\"https:\/\/www.oarcanjo.net\/site\/pastorais-e-servicos\/pastoral-da-esperanca-2\/#breadcrumb\",\"itemListElement\":[{\"@type\":\"ListItem\",\"position\":1,\"name\":\"In\u00edcio\",\"item\":\"https:\/\/www.oarcanjo.net\/site\/\"},{\"@type\":\"ListItem\",\"position\":2,\"name\":\"Pastorais e servi\u00e7os\",\"item\":\"https:\/\/www.oarcanjo.net\/site\/pastorais-e-servicos\/\"},{\"@type\":\"ListItem\",\"position\":3,\"name\":\"Pastoral da Esperan\u00e7a\"}]},{\"@type\":\"WebSite\",\"@id\":\"https:\/\/www.oarcanjo.net\/site\/#website\",\"url\":\"https:\/\/www.oarcanjo.net\/site\/\",\"name\":\"O Arcanjo no ar\",\"description\":\"Site da Par\u00f3quia S\u00e3o Miguel Arcanjo (Arquidiocese de SP)\",\"publisher\":{\"@id\":\"https:\/\/www.oarcanjo.net\/site\/#organization\"},\"potentialAction\":[{\"@type\":\"SearchAction\",\"target\":{\"@type\":\"EntryPoint\",\"urlTemplate\":\"https:\/\/www.oarcanjo.net\/site\/?s={search_term_string}\"},\"query-input\":{\"@type\":\"PropertyValueSpecification\",\"valueRequired\":true,\"valueName\":\"search_term_string\"}}],\"inLanguage\":\"pt-BR\"},{\"@type\":\"Organization\",\"@id\":\"https:\/\/www.oarcanjo.net\/site\/#organization\",\"name\":\"Par\u00f3quia S\u00e3o Miguel Arcanjo\",\"url\":\"https:\/\/www.oarcanjo.net\/site\/\",\"logo\":{\"@type\":\"ImageObject\",\"inLanguage\":\"pt-BR\",\"@id\":\"https:\/\/www.oarcanjo.net\/site\/#\/schema\/logo\/image\/\",\"url\":\"https:\/\/www.oarcanjo.net\/site\/wp-content\/uploads\/LogoOArcanjo.png\",\"contentUrl\":\"https:\/\/www.oarcanjo.net\/site\/wp-content\/uploads\/LogoOArcanjo.png\",\"width\":319,\"height\":99,\"caption\":\"Par\u00f3quia S\u00e3o Miguel Arcanjo\"},\"image\":{\"@id\":\"https:\/\/www.oarcanjo.net\/site\/#\/schema\/logo\/image\/\"},\"sameAs\":[\"https:\/\/www.facebook.com\/OArcanjoNoAr\/\"]}]}<\/script>\n<!-- \/ Yoast SEO plugin. -->","yoast_head_json":{"title":"Pastoral da Esperan\u00e7a - O Arcanjo no ar","robots":{"index":"index","follow":"follow","max-snippet":"max-snippet:-1","max-image-preview":"max-image-preview:large","max-video-preview":"max-video-preview:-1"},"canonical":"https:\/\/www.oarcanjo.net\/site\/pastorais-e-servicos\/pastoral-da-esperanca-2\/","og_locale":"pt_BR","og_type":"article","og_title":"Pastoral da Esperan\u00e7a - O Arcanjo no ar","og_description":"\u201cA presen\u00e7a do Senhor Ressuscitado, no momento de dor e sofrimento com a separa\u00e7\u00e3o causada pela morte nos conforta e enche de esperan\u00e7a. Nessa hora, n\u00e3o pode faltar a presen\u00e7a amiga, fraterna e solid\u00e1ria da comunidade eclesial junto \u00e0queles que foram visitados pela morte. As equipes da Pastoral da Esperan\u00e7a t\u00eam realizado seu trabalho, reconfortando [&hellip;]","og_url":"https:\/\/www.oarcanjo.net\/site\/pastorais-e-servicos\/pastoral-da-esperanca-2\/","og_site_name":"O Arcanjo no ar","article_publisher":"https:\/\/www.facebook.com\/OArcanjoNoAr\/","article_modified_time":"2014-09-29T00:32:43+00:00","og_image":[{"width":300,"height":300,"url":"https:\/\/www.oarcanjo.net\/site\/wp-content\/uploads\/logo-o-arcanjo-no-ar-facebook.png","type":"image\/png"}],"twitter_card":"summary_large_image","twitter_misc":{"Est. tempo de leitura":"1 minuto"},"schema":{"@context":"https:\/\/schema.org","@graph":[{"@type":"WebPage","@id":"https:\/\/www.oarcanjo.net\/site\/pastorais-e-servicos\/pastoral-da-esperanca-2\/","url":"https:\/\/www.oarcanjo.net\/site\/pastorais-e-servicos\/pastoral-da-esperanca-2\/","name":"Pastoral da Esperan\u00e7a - O Arcanjo no ar","isPartOf":{"@id":"https:\/\/www.oarcanjo.net\/site\/#website"},"datePublished":"2010-11-02T02:42:27+00:00","dateModified":"2014-09-29T00:32:43+00:00","breadcrumb":{"@id":"https:\/\/www.oarcanjo.net\/site\/pastorais-e-servicos\/pastoral-da-esperanca-2\/#breadcrumb"},"inLanguage":"pt-BR","potentialAction":[{"@type":"ReadAction","target":["https:\/\/www.oarcanjo.net\/site\/pastorais-e-servicos\/pastoral-da-esperanca-2\/"]}]},{"@type":"BreadcrumbList","@id":"https:\/\/www.oarcanjo.net\/site\/pastorais-e-servicos\/pastoral-da-esperanca-2\/#breadcrumb","itemListElement":[{"@type":"ListItem","position":1,"name":"In\u00edcio","item":"https:\/\/www.oarcanjo.net\/site\/"},{"@type":"ListItem","position":2,"name":"Pastorais e servi\u00e7os","item":"https:\/\/www.oarcanjo.net\/site\/pastorais-e-servicos\/"},{"@type":"ListItem","position":3,"name":"Pastoral da Esperan\u00e7a"}]},{"@type":"WebSite","@id":"https:\/\/www.oarcanjo.net\/site\/#website","url":"https:\/\/www.oarcanjo.net\/site\/","name":"O Arcanjo no ar","description":"Site da Par\u00f3quia S\u00e3o Miguel Arcanjo (Arquidiocese de SP)","publisher":{"@id":"https:\/\/www.oarcanjo.net\/site\/#organization"},"potentialAction":[{"@type":"SearchAction","target":{"@type":"EntryPoint","urlTemplate":"https:\/\/www.oarcanjo.net\/site\/?s={search_term_string}"},"query-input":{"@type":"PropertyValueSpecification","valueRequired":true,"valueName":"search_term_string"}}],"inLanguage":"pt-BR"},{"@type":"Organization","@id":"https:\/\/www.oarcanjo.net\/site\/#organization","name":"Par\u00f3quia S\u00e3o Miguel Arcanjo","url":"https:\/\/www.oarcanjo.net\/site\/","logo":{"@type":"ImageObject","inLanguage":"pt-BR","@id":"https:\/\/www.oarcanjo.net\/site\/#\/schema\/logo\/image\/","url":"https:\/\/www.oarcanjo.net\/site\/wp-content\/uploads\/LogoOArcanjo.png","contentUrl":"https:\/\/www.oarcanjo.net\/site\/wp-content\/uploads\/LogoOArcanjo.png","width":319,"height":99,"caption":"Par\u00f3quia S\u00e3o Miguel Arcanjo"},"image":{"@id":"https:\/\/www.oarcanjo.net\/site\/#\/schema\/logo\/image\/"},"sameAs":["https:\/\/www.facebook.com\/OArcanjoNoAr\/"]}]}},"publishpress_future_action":{"enabled":false,"date":"2026-05-06 02:58:46","action":"category","newStatus":"draft","terms":[],"taxonomy":""},"publishpress_future_workflow_manual_trigger":{"enabledWorkflows":[]},"_links":{"self":[{"href":"https:\/\/www.oarcanjo.net\/site\/wp-json\/wp\/v2\/pages\/11585"}],"collection":[{"href":"https:\/\/www.oarcanjo.net\/site\/wp-json\/wp\/v2\/pages"}],"about":[{"href":"https:\/\/www.oarcanjo.net\/site\/wp-json\/wp\/v2\/types\/page"}],"author":[{"embeddable":true,"href":"https:\/\/www.oarcanjo.net\/site\/wp-json\/wp\/v2\/users\/10"}],"replies":[{"embeddable":true,"href":"https:\/\/www.oarcanjo.net\/site\/wp-json\/wp\/v2\/comments?post=11585"}],"version-history":[{"count":0,"href":"https:\/\/www.oarcanjo.net\/site\/wp-json\/wp\/v2\/pages\/11585\/revisions"}],"up":[{"embeddable":true,"href":"https:\/\/www.oarcanjo.net\/site\/wp-json\/wp\/v2\/pages\/13"}],"wp:attachment":[{"href":"https:\/\/www.oarcanjo.net\/site\/wp-json\/wp\/v2\/media?parent=11585"}],"curies":[{"name":"wp","href":"https:\/\/api.w.org\/{rel}","templated":true}]}}