
{"id":65446,"date":"2015-09-29T14:38:01","date_gmt":"2015-09-29T17:38:01","guid":{"rendered":"http:\/\/www.oarcanjo.net\/site\/index.php\/home-copy\/"},"modified":"2025-09-28T17:34:23","modified_gmt":"2025-09-28T20:34:23","slug":"home","status":"publish","type":"page","link":"https:\/\/www.oarcanjo.net\/site\/","title":{"rendered":"Home"},"content":{"rendered":"<div id=\"themify_builder_content-65446\" data-postid=\"65446\" class=\"themify_builder_content themify_builder_content-65446 themify_builder themify_builder_front\">\n\t\t\t\t\n\t\t\t<!-- module_row -->\n\t\t\t<div class=\"themify_builder_row module_row module_row_0 clearfix section-\" >\n\n\t\t\t\t<div class=\"row_inner\">\n\t\t\t\t\n\t\t\t\t\t\n\t\t\t\t\t\n\t\t\t\t\t\n\t\t\t\t\t\t\t\t<div class=\"col3-2 first tb-column\">\n\t\t\t\t\t\t\t\t\t\t\t\t\t\t\t\t\t\t\t\n\t\t\t\t\t\t\t\t\t\t\n<!-- module slider blog -->\n<div id=\"slider-65446-0-0-0-loader\" class=\"themify_builder_slider_loader\" style=\"height:50px;\"><\/div>\n<div id=\"slider-65446-0-0-0\" class=\"module module-slider slider-65446-0-0-0 themify_builder_slider_wrap clearfix  slider-default \">\n\n\t\n\t<ul class=\"themify_builder_slider\" \n\t\tdata-id=\"slider-65446-0-0-0\" \n\t\tdata-visible=\"1\" \n\t\tdata-scroll=\"1\" \n\t\tdata-auto-scroll=\"5\"\n\t\tdata-speed=\".5\"\n\t\tdata-wrapper=\"no\"\n\t\tdata-arrow=\"yes\"\n\t\tdata-pagination=\"yes\"\n\t\tdata-effect=\"scroll\" \n\t\tdata-pause-on-hover=\"resume\" >\n\t\t\n\t\t\n\t\t<li style=\" \">\n\t\t\t\t\t\t\t\t\t\t\t\t\t\t\t<figure class=\"slide-image\">\n\t\t\t\t\t\t\t\t\t\t\t\t\t\t\t<a href=\"https:\/\/www.oarcanjo.net\/site\/homilia-do-pe-julio-lancellotti-no-26o-domingo-do-tempo-comum-28-09-2025\/\" title=\"Homilia do Pe. Julio Lancellotti no 26\u00ba Domingo do Tempo Comum &#8211; 28\/09\/2025\">\n\t\t\t\t\t\t\t\t\t<img src='https:\/\/www.oarcanjo.net\/site\/wp-content\/uploads\/20250928-Homilia04-1272x712.jpg' alt='Homilia do Pe. Julio Lancellotti no 26\u00ba Domingo do Tempo Comum &#8211; 28\/09\/2025'     \/>\t\t\t\t\t\t\t\t<\/a>\n\t\t\t\t\t\t\t\t\t\t\t\t\t<\/figure>\n\t\t\t\t\t\t\t\t\t\t\t\t\t\t\t\n\t\t\t\t\t\t<div class=\"slide-content\">\n\t\t\t\t\n\t\t\t\t\t\t\t\t\t\t\t\t\t\t\t<h3 class=\"slide-title\"><a href=\"https:\/\/www.oarcanjo.net\/site\/homilia-do-pe-julio-lancellotti-no-26o-domingo-do-tempo-comum-28-09-2025\/\" title=\"Homilia do Pe. Julio Lancellotti no 26\u00ba Domingo do Tempo Comum &#8211; 28\/09\/2025\">Homilia do Pe. Julio Lancellotti no 26\u00ba Domingo do Tempo Comum &#8211; 28\/09\/2025<\/a><\/h3>\n\t\t\t\t\t\t\t\t\t\t\t\t\t\n\t\t\t\t\n\t\t\t\t\t\t\t<\/div>\n\t\t\t<!-- \/slide-content -->\n\t\t\t\t\t<\/li>\n\t\t\n\t\t<li style=\" \">\n\t\t\t\t\t\t\t\t\t\t\t\t\t\t\t<figure class=\"slide-image\">\n\t\t\t\t\t\t\t\t\t\t\t\t\t\t\t<a href=\"https:\/\/www.oarcanjo.net\/site\/missas-no-dia-de-sao-miguel-arcanjo-29-09-2025\/\" title=\"Missas no Dia de S\u00e3o Miguel Arcanjo &#8211; 29\/09\/2025\">\n\t\t\t\t\t\t\t\t\t<img src='https:\/\/www.oarcanjo.net\/site\/wp-content\/uploads\/20250928-MissasSaoMiguel01-1194x668.jpg' alt='Missas no Dia de S\u00e3o Miguel Arcanjo &#8211; 29\/09\/2025'     \/>\t\t\t\t\t\t\t\t<\/a>\n\t\t\t\t\t\t\t\t\t\t\t\t\t<\/figure>\n\t\t\t\t\t\t\t\t\t\t\t\t\t\t\t\n\t\t\t\t\t\t<div class=\"slide-content\">\n\t\t\t\t\n\t\t\t\t\t\t\t\t\t\t\t\t\t\t\t<h3 class=\"slide-title\"><a href=\"https:\/\/www.oarcanjo.net\/site\/missas-no-dia-de-sao-miguel-arcanjo-29-09-2025\/\" title=\"Missas no Dia de S\u00e3o Miguel Arcanjo &#8211; 29\/09\/2025\">Missas no Dia de S\u00e3o Miguel Arcanjo &#8211; 29\/09\/2025<\/a><\/h3>\n\t\t\t\t\t\t\t\t\t\t\t\t\t\n\t\t\t\t\n\t\t\t\t\t\t\t<\/div>\n\t\t\t<!-- \/slide-content -->\n\t\t\t\t\t<\/li>\n\t\t\n\t\t<li style=\" \">\n\t\t\t\t\t\t\t\t\t\t\t\t\t\t\t<figure class=\"slide-image\">\n\t\t\t\t\t\t\t\t\t\t\t\t\t\t\t<a href=\"https:\/\/www.oarcanjo.net\/site\/missa-do-26o-domingo-do-tempo-comum-28-09-2025\/\" title=\"Missa do 26\u00ba Domingo do Tempo Comum &#8211; 28\/09\/2025\">\n\t\t\t\t\t\t\t\t\t<img src='https:\/\/www.oarcanjo.net\/site\/wp-content\/uploads\/banner-26-domingo-do-tempo-comum-2025-09-28-1920x1080.jpg' alt='Missa do 26\u00ba Domingo do Tempo Comum &#8211; 28\/09\/2025'     \/>\t\t\t\t\t\t\t\t<\/a>\n\t\t\t\t\t\t\t\t\t\t\t\t\t<\/figure>\n\t\t\t\t\t\t\t\t\t\t\t\t\t\t\t\n\t\t\t\t\t\t<div class=\"slide-content\">\n\t\t\t\t\n\t\t\t\t\t\t\t\t\t\t\t\t\t\t\t<h3 class=\"slide-title\"><a href=\"https:\/\/www.oarcanjo.net\/site\/missa-do-26o-domingo-do-tempo-comum-28-09-2025\/\" title=\"Missa do 26\u00ba Domingo do Tempo Comum &#8211; 28\/09\/2025\">Missa do 26\u00ba Domingo do Tempo Comum &#8211; 28\/09\/2025<\/a><\/h3>\n\t\t\t\t\t\t\t\t\t\t\t\t\t\n\t\t\t\t\n\t\t\t\t\t\t\t<\/div>\n\t\t\t<!-- \/slide-content -->\n\t\t\t\t\t<\/li>\n\t\t\n\t\t<li style=\" \">\n\t\t\t\t\t\t\t\t\t\t\t\t\t\t\t<figure class=\"slide-image\">\n\t\t\t\t\t\t\t\t\t\t\t\t\t\t\t<a href=\"https:\/\/www.oarcanjo.net\/site\/homilia-do-pe-julio-lancellotti-no-25o-domingo-do-tempo-comum-21-09-2025\/\" title=\"Homilia do Pe. Julio Lancellotti no 25\u00ba Domingo do Tempo Comum &#8211; 21\/09\/2025\">\n\t\t\t\t\t\t\t\t\t<img src='https:\/\/www.oarcanjo.net\/site\/wp-content\/uploads\/20250921-Homilia01-1363x756.jpg' alt='Homilia do Pe. Julio Lancellotti no 25\u00ba Domingo do Tempo Comum &#8211; 21\/09\/2025'     \/>\t\t\t\t\t\t\t\t<\/a>\n\t\t\t\t\t\t\t\t\t\t\t\t\t<\/figure>\n\t\t\t\t\t\t\t\t\t\t\t\t\t\t\t\n\t\t\t\t\t\t<div class=\"slide-content\">\n\t\t\t\t\n\t\t\t\t\t\t\t\t\t\t\t\t\t\t\t<h3 class=\"slide-title\"><a href=\"https:\/\/www.oarcanjo.net\/site\/homilia-do-pe-julio-lancellotti-no-25o-domingo-do-tempo-comum-21-09-2025\/\" title=\"Homilia do Pe. Julio Lancellotti no 25\u00ba Domingo do Tempo Comum &#8211; 21\/09\/2025\">Homilia do Pe. Julio Lancellotti no 25\u00ba Domingo do Tempo Comum &#8211; 21\/09\/2025<\/a><\/h3>\n\t\t\t\t\t\t\t\t\t\t\t\t\t\n\t\t\t\t\n\t\t\t\t\t\t\t<\/div>\n\t\t\t<!-- \/slide-content -->\n\t\t\t\t\t<\/li>\n\t\t\n\t\t\n\t<\/ul>\n\t<!-- \/themify_builder_slider -->\n\n<\/div>\n<!-- \/module slider blog -->\n<!-- .themify_builder .slider-65446-0-0-0 Style -->\n<style>\n.themify_builder .slider-65446-0-0-0.module-slider {\n\tpadding-top : 0px;\n\tpadding-bottom : 0px;\n\tmargin-top : 0px;\n\tmargin-bottom : 0px\n}\n<\/style>\n<!-- End .themify_builder .slider-65446-0-0-0 Style -->\n\n\t\t\t\t\t\t\t\t\t\n\t\t\t\t\t\t\t\t\t\t\t\t\t\t\t\t\t<\/div>\n\t\t\t\t\t\t\t\t<!-- \/col -->\n\t\t\t\t\t\t\n\t\t\t\t\t\t\t\t<div class=\"col3-1 last tb-column\">\n\t\t\t\t\t\t\t\t\t\t\t\t\t\t\t\t\t\t\t\n\t\t\t\t\t\t\t\t\t\t\n<!-- module text -->\n<div id=\"text-65446-0-1-0\" class=\"module module-text text-65446-0-1-0   \">\n\t\t<h3 class=\"module-title\">Popula\u00e7\u00e3o de Rua<\/h3>\n\t\n\t\t\n\t<p><a href=\"https:\/\/www.oarcanjo.net\/site\/doe\"><img loading=\"lazy\" decoding=\"async\" class=\"alignnone size-full wp-image-99289\" src=\"https:\/\/www.oarcanjo.net\/site\/wp-content\/uploads\/banner-voce-quer-colaborar-abr-2020.jpg\" alt=\"Voc\u00ea quer colaborar?\" width=\"350\" height=\"350\" srcset=\"https:\/\/www.oarcanjo.net\/site\/wp-content\/uploads\/banner-voce-quer-colaborar-abr-2020.jpg 350w, https:\/\/www.oarcanjo.net\/site\/wp-content\/uploads\/banner-voce-quer-colaborar-abr-2020-150x150.jpg 150w, https:\/\/www.oarcanjo.net\/site\/wp-content\/uploads\/banner-voce-quer-colaborar-abr-2020-300x300.jpg 300w\" sizes=\"(max-width: 350px) 100vw, 350px\" \/><\/a><\/p>\n\n\t<\/div>\n<!-- \/module text -->\n\t\t\t\t\t\t\t\t\t\n\t\t\t\t\t\t\t\t\t\t\t\t\t\t\t\t\t<\/div>\n\t\t\t\t\t\t\t\t<!-- \/col -->\n\t\t\t\t\t\t  \n\n\t\t\t\t\t\n\t\t\t\t\t\t\t\t\t\t\n\t\t\t\t\t\t\t\t\t\n\t\t\t\t<\/div>\n\t\t\t\t<!-- \/row_inner -->\n\t\t\t<\/div>\n\t\t\t<!-- \/module_row -->\n\t\t\t\n\t\t\t\n\t\t\t<!-- module_row -->\n\t\t\t<div class=\"themify_builder_row module_row module_row_1 clearfix section-\" >\n\n\t\t\t\t<div class=\"row_inner\">\n\t\t\t\t\n\t\t\t\t\t\n\t\t\t\t\t\n\t\t\t\t\t\n\t\t\t\t\t\t\t\t<div class=\"col4-2 first tb-column\">\n\t\t\t\t\t\t\t\t\t\t\t\t\t\t\t\t\t\t\t\n\t\t\t\t\t\t\t\t\t\t\n\n<!-- module widget -->\n<div id=\"widget-65446-1-0-0\" class=\"module module-widget widget-65446-1-0-0   \">\n\t<div class=\"widget feature-posts\"><h2 class=\"widgettitle\">Homilias<\/h2><ul class=\"feature-posts-list\"><li><a href=\"https:\/\/www.oarcanjo.net\/site\/homilia-do-pe-julio-lancellotti-no-26o-domingo-do-tempo-comum-28-09-2025\/\"><img src='https:\/\/www.oarcanjo.net\/site\/wp-content\/uploads\/20250928-Homilia04-100x100.jpg' alt='Homilia do Pe. Julio Lancellotti no 26\u00ba Domingo do Tempo Comum &#8211; 28\/09\/2025' class='post-img'  width='100' height='100' \/><\/a><a href=\"https:\/\/www.oarcanjo.net\/site\/homilia-do-pe-julio-lancellotti-no-26o-domingo-do-tempo-comum-28-09-2025\/\" class=\"feature-posts-title\">Homilia do Pe. Julio Lancellotti no 26\u00ba Domingo do Tempo Comum &#8211; 28\/09\/2025<\/a> <br \/><small>set 28, 2025<\/small> <br \/><span class=\"post-excerpt\">O Evangelho de hoje, a carta de Paulo a Tim\u00f3teo e a palavra do profeta Am\u00f3s est\u00e3o falando de coisas concretas da vida, do momento em que se vive, com tantos desafios<\/span><\/li><li><a href=\"https:\/\/www.oarcanjo.net\/site\/homilia-do-pe-julio-lancellotti-no-25o-domingo-do-tempo-comum-21-09-2025\/\"><img src='https:\/\/www.oarcanjo.net\/site\/wp-content\/uploads\/20250921-Homilia01-100x100.jpg' alt='Homilia do Pe. Julio Lancellotti no 25\u00ba Domingo do Tempo Comum &#8211; 21\/09\/2025' class='post-img'  width='100' height='100' \/><\/a><a href=\"https:\/\/www.oarcanjo.net\/site\/homilia-do-pe-julio-lancellotti-no-25o-domingo-do-tempo-comum-21-09-2025\/\" class=\"feature-posts-title\">Homilia do Pe. Julio Lancellotti no 25\u00ba Domingo do Tempo Comum &#8211; 21\/09\/2025<\/a> <br \/><small>set 21, 2025<\/small> <br \/><span class=\"post-excerpt\">Servir a Deus \u00e9 estar a servi\u00e7o dos irm\u00e3os, \u00e9 trilhar o caminho que leva ao bem comum. Por isso, n\u00e3o se pode servir a dois senhores<\/span><\/li><li><a href=\"https:\/\/www.oarcanjo.net\/site\/homilia-do-pe-julio-lancellotti-na-festa-da-exaltacao-da-santa-cruz-14-09-2025\/\"><img src='https:\/\/www.oarcanjo.net\/site\/wp-content\/uploads\/20250914-Homilia01-100x100.jpg' alt='Homilia do Pe. Julio Lancellotti na Festa da Exalta\u00e7\u00e3o da Santa Cruz &#8211; 14\/09\/2025' class='post-img'  width='100' height='100' \/><\/a><a href=\"https:\/\/www.oarcanjo.net\/site\/homilia-do-pe-julio-lancellotti-na-festa-da-exaltacao-da-santa-cruz-14-09-2025\/\" class=\"feature-posts-title\">Homilia do Pe. Julio Lancellotti na Festa da Exalta\u00e7\u00e3o da Santa Cruz &#8211; 14\/09\/2025<\/a> <br \/><small>set 14, 2025<\/small> <br \/><span class=\"post-excerpt\">N\u00e3o \u00e9 poss\u00edvel seguir Jesus e ter medo da cruz. Seguir Jesus nos leva a passar pela cruz; a cruz do desprezo, a cruz da persegui\u00e7\u00e3o, a cruz da mis\u00e9ria, a cruz da injusti\u00e7a...<\/span><\/li><li><a href=\"https:\/\/www.oarcanjo.net\/site\/homilia-do-pe-julio-lancellotti-no-23o-domingo-do-tempo-comum-07-09-2025\/\"><img src='https:\/\/www.oarcanjo.net\/site\/wp-content\/uploads\/20250907-Homilia03-100x100.jpg' alt='Homilia do Pe. Julio Lancellotti no 23\u00ba Domingo do Tempo Comum &#8211; 07\/09\/2025' class='post-img'  width='100' height='100' \/><\/a><a href=\"https:\/\/www.oarcanjo.net\/site\/homilia-do-pe-julio-lancellotti-no-23o-domingo-do-tempo-comum-07-09-2025\/\" class=\"feature-posts-title\">Homilia do Pe. Julio Lancellotti no 23\u00ba Domingo do Tempo Comum &#8211; 07\/09\/2025<\/a> <br \/><small>set 07, 2025<\/small> <br \/><span class=\"post-excerpt\">A multid\u00e3o acompanha, mas n\u00e3o seguia Jesus. \u00c0s vezes n\u00f3s tamb\u00e9m o acompanhamos, mas n\u00e3o o seguimos. A primeira condi\u00e7\u00e3o pra segui-Lo \u00e9 ser capaz de ser livre. Ser disc\u00edpulo de Jesus \u00e9 n\u00e3o ter medo da cruz<\/span><\/li><\/ul><\/div><\/div>\n<!-- \/module widget -->\n\t\t\t\t\t\t\t\t\t\n\t\t\t\t\t\t\t\t\t\t\t\t\t\t\t\t\t<\/div>\n\t\t\t\t\t\t\t\t<!-- \/col -->\n\t\t\t\t\t\t\n\t\t\t\t\t\t\t\t<div class=\"col4-2 last tb-column\">\n\t\t\t\t\t\t\t\t\t\t\t\t\t\t\t\t\t\t\t\n\t\t\t\t\t\t\t\t\t\t\n\n<!-- module widget -->\n<div id=\"widget-65446-1-1-0\" class=\"module module-widget widget-65446-1-1-0   \">\n\t<div class=\"widget feature-posts\"><h2 class=\"widgettitle\">Not\u00edcias<\/h2><ul class=\"feature-posts-list\"><li><a href=\"https:\/\/www.oarcanjo.net\/site\/missas-no-dia-de-sao-miguel-arcanjo-29-09-2025\/\"><img src='https:\/\/www.oarcanjo.net\/site\/wp-content\/uploads\/20250928-MissasSaoMiguel01-100x100.jpg' alt='Missas no Dia de S\u00e3o Miguel Arcanjo &#8211; 29\/09\/2025' class='post-img'  width='100' height='100' \/><\/a><a href=\"https:\/\/www.oarcanjo.net\/site\/missas-no-dia-de-sao-miguel-arcanjo-29-09-2025\/\" class=\"feature-posts-title\">Missas no Dia de S\u00e3o Miguel Arcanjo &#8211; 29\/09\/2025<\/a> <br \/><small>set 28, 2025<\/small> <br \/><span class=\"post-excerpt\">No dia do padroeiro, haver\u00e1 missas \u00e0s 7h30, 12h, 15h e 19h, na igreja provis\u00f3ria<\/span><\/li><li><a href=\"https:\/\/www.oarcanjo.net\/site\/canto-amar-como-jesus-amou\/\"><img src='https:\/\/www.oarcanjo.net\/site\/wp-content\/uploads\/20250921-Canto01-100x100.jpg' alt='Canto &#8220;Amar como Jesus amou&#8221;' class='post-img'  width='100' height='100' \/><\/a><a href=\"https:\/\/www.oarcanjo.net\/site\/canto-amar-como-jesus-amou\/\" class=\"feature-posts-title\">Canto &#8220;Amar como Jesus amou&#8221;<\/a> <br \/><small>set 21, 2025<\/small> <br \/><span class=\"post-excerpt\">Curta o canto de a\u00e7\u00e3o de gra\u00e7as da missa de 21\/09\/2025: \"Amar como Jesus amou\", do Pe. Zezinho, scj, na interpreta\u00e7\u00e3o de Sonia Mara<\/span><\/li><li><a href=\"https:\/\/www.oarcanjo.net\/site\/horario-das-missas-no-dia-de-sao-miguel-arcanjo-29-09-2025\/\"><img src='https:\/\/www.oarcanjo.net\/site\/wp-content\/uploads\/20250921-MissasSaoMiguel01-100x100.jpg' alt='Hor\u00e1rio das Missas no Dia de S\u00e3o Miguel Arcanjo &#8211; 29\/09\/2025' class='post-img'  width='100' height='100' \/><\/a><a href=\"https:\/\/www.oarcanjo.net\/site\/horario-das-missas-no-dia-de-sao-miguel-arcanjo-29-09-2025\/\" class=\"feature-posts-title\">Hor\u00e1rio das Missas no Dia de S\u00e3o Miguel Arcanjo &#8211; 29\/09\/2025<\/a> <br \/><small>set 21, 2025<\/small> <br \/><span class=\"post-excerpt\">Confira os hor\u00e1rios das missas do dia do padroeiro da igreja S\u00e3o Miguel Arcanjo<\/span><\/li><li><a href=\"https:\/\/www.oarcanjo.net\/site\/canto-viva-a-esperanca-3\/\"><img src='https:\/\/www.oarcanjo.net\/site\/wp-content\/uploads\/20250914-Canto02-100x100.jpg' alt='Canto &#8220;Viva a Esperan\u00e7a&#8221;' class='post-img'  width='100' height='100' \/><\/a><a href=\"https:\/\/www.oarcanjo.net\/site\/canto-viva-a-esperanca-3\/\" class=\"feature-posts-title\">Canto &#8220;Viva a Esperan\u00e7a&#8221;<\/a> <br \/><small>set 14, 2025<\/small> <br \/><span class=\"post-excerpt\">Jesus \u00e9 a nossa esperan\u00e7a, Jesus \u00e9 a for\u00e7a que nos faz caminhar, que faz florir o mundo em bondade, compaix\u00e3o e miseric\u00f3rdia. Curta o canto de a\u00e7\u00e3o de gra\u00e7as da missa de 14\/09\/2025<\/span><\/li><\/ul><\/div><\/div>\n<!-- \/module widget -->\n\t\t\t\t\t\t\t\t\t\n\t\t\t\t\t\t\t\t\t\t\t\t\t\t\t\t\t<\/div>\n\t\t\t\t\t\t\t\t<!-- \/col -->\n\t\t\t\t\t\t  \n\n\t\t\t\t\t\n\t\t\t\t\t\t\t\t\t\t\n\t\t\t\t\t\t\t\t\t\n\t\t\t\t<\/div>\n\t\t\t\t<!-- \/row_inner -->\n\t\t\t<\/div>\n\t\t\t<!-- \/module_row -->\n\t\t\t\n\t\t\t\n\t\t\t<!-- module_row -->\n\t\t\t<div class=\"themify_builder_row module_row module_row_2 clearfix section-\" >\n\n\t\t\t\t<div class=\"row_inner\">\n\t\t\t\t\n\t\t\t\t\t\n\t\t\t\t\t\n\t\t\t\t\t\n\t\t\t\t\t\t\t\t<div class=\"col3-1 first tb-column\">\n\t\t\t\t\t\t\t\t\t\t\t\t\t\t\t\t\t\t\t\n\t\t\t\t\t\t\t\t\t\t\n\n<!-- module widget -->\n<div id=\"widget-65446-2-0-0\" class=\"module module-widget widget-65446-2-0-0   \">\n\t<div class=\"widget widget_links\"><h2 class=\"widgettitle\">Links<\/h2>\n\t<ul class='xoxo blogroll'>\n<li><a href=\"http:\/\/www.arquisp.org.br\" rel=\"noopener\" title=\"Site da Arquidiocese de S\u00e3o Paulo\" target=\"_blank\">Arquidiocese de S. Paulo<\/a><\/li>\n<li><a href=\"http:\/\/www.youtube.com\/vatican\" rel=\"noopener\" title=\"Canal do Vaticano no YouTube\" target=\"_blank\">Canal do Vaticano no YouTube<\/a><\/li>\n<li><a href=\"http:\/\/www.studibiblici.it\/PORTOGHESE\/indicepor.html\" rel=\"noopener\" title=\"Centro de Estudos B\u00edblicos &#8220;G. Vannucci&#8221;\" target=\"_blank\">Centro de Estudos B\u00edblicos &quot;G. Vannucci&quot;<\/a><\/li>\n<li><a href=\"http:\/\/www.cnbb.org.br\" rel=\"noopener\" title=\"Site da Confer\u00eancia Nacional dos Bispos do Brasil\" target=\"_blank\">CNBB<\/a><\/li>\n<li><a href=\"http:\/\/www.gruposdejesus.com\/\" rel=\"noopener\" target=\"_blank\">Grupos de Jesus<\/a><\/li>\n<li><a href=\"https:\/\/consolataamerica.org\/pt\/tag\/igreja-catolica\/\" rel=\"noopener\" target=\"_blank\">Igreja Cat\u00f3lica no Mundo &#8211; Por Fernando Altemeyer Jr.<\/a><\/li>\n<li><a href=\"http:\/\/www.ihu.unisinos.br\/\" rel=\"noopener\" title=\"Instituto Humanitas Unisinos\" target=\"_blank\">Instituto Humanitas Unisinos<\/a><\/li>\n<li><a href=\"https:\/\/observatoriodaevangelizacao.wordpress.com\/\" rel=\"noopener\" target=\"_blank\">Observat\u00f3rio da Evangeliza\u00e7\u00e3o<\/a><\/li>\n<li><a href=\"http:\/\/www.pastoraldacrianca.org.br\" rel=\"noopener\" title=\"Site oficial da Pastoral da Crian\u00e7a nacional\" target=\"_blank\">Pastoral da Crian\u00e7a<\/a><\/li>\n<li><a href=\"http:\/\/www.pastoralfp.com\" rel=\"noopener\" title=\"Site da Pastoral F\u00e9 e Pol\u00edtica da par\u00f3quia S\u00e3o Jo\u00e3o Batista da Vila Carr\u00e3o\" target=\"_blank\">Pastoral F\u00e9 e Pol\u00edtica<\/a><\/li>\n<li><a href=\"http:\/\/www.arquisp.org.br\/regiaobelem\" rel=\"noopener\" title=\"Site da Regi\u00e3o Episcopal Bel\u00e9m\" target=\"_blank\">Regi\u00e3o Bel\u00e9m<\/a><\/li>\n<li><a href=\"http:\/\/www.iubilaeummisericordiae.va\/content\/gdm\/pt.html\" rel=\"noopener\" target=\"_blank\">Site do Jubileu da Miseric\u00f3rdia<\/a><\/li>\n<li><a href=\"http:\/\/www.vatican.va\/phome_po.htm\" rel=\"noopener\" title=\"Site oficial do Vaticano\" target=\"_blank\">Vaticano<\/a><\/li>\n<li><a href=\"http:\/\/www.vidapastoral.com.br\" rel=\"noopener\" title=\"Site da revista Vida Pastoral com artigos, reflex\u00f5es e roteiros homil\u00e9ticos\" target=\"_blank\">Vida Pastoral<\/a><\/li>\n<li><a href=\"http:\/\/vidapastoral.org.br\/roteiros\" rel=\"noopener\" title=\"Reflex\u00f5es das leituras de domingo no site Vida Pastoral\" target=\"_blank\">Vida Pastoral &#8211; Roteiros homil\u00e9ticos<\/a><\/li>\n\n\t<\/ul>\n<\/div>\n<\/div>\n<!-- \/module widget -->\n<!-- .themify_builder .widget-65446-2-0-0 Style -->\n<style>\n.themify_builder .widget-65446-2-0-0.module-widget {\n\tfont-size: 13px;\n\tline-height: 10px\n}\n.themify_builder .widget-65446-2-0-0.module-widget a {\n\tfont-size: 13px;\n\tline-height: 10px\n}\n<\/style>\n<!-- End .themify_builder .widget-65446-2-0-0 Style -->\n\n\t\t\t\t\t\t\t\t\t\n\t\t\t\t\t\t\t\t\t\t\t\t\t\t\t\t\t<\/div>\n\t\t\t\t\t\t\t\t<!-- \/col -->\n\t\t\t\t\t\t\n\t\t\t\t\t\t\t\t<div class=\"col3-1 middle tb-column\">\n\t\t\t\t\t\t\t\t\t\t\t\t\t\t\t\t\t\t\t\n\t\t\t\t\t\t\t\t\t\t\n<!-- module box -->\n<div id=\"box-65446-2-1-0\" class=\"module module-box box-65446-2-1-0 \">\n\t\t<h3 class=\"module-title\">Secretaria e Missas<\/h3>\n\t\t\n\t\t\n\t<div class=\"module-box-content ui rounded gradient yellow  \">\n\t\t<p><strong>Atendimento (Secretaria)<\/strong><br>Segunda, ter\u00e7a, quinta e sexta:<br>das <strong>7h30 \u00e0s 11h30<\/strong> e das <strong>13h30 \u00e0s 17h<\/strong><br>S\u00e1bado: das <strong>7h30 \u00e0s 11h30<\/strong><\/p><p><strong>Missas<\/strong><br><strong>Igreja S\u00e3o Miguel Arcanjo<\/strong><br>(temporariamente na Rua Sapucaia, 185)<br>Segunda a sexta: <strong>7h<br><\/strong>Domingo: <strong>7h30<\/strong> e <strong>18h<\/strong><\/p><p><strong>Capela da Universidade S\u00e3o Judas Tadeu<\/strong><br>Domingo: <strong>10h<br>Missa presencial e transmiss\u00e3o AO VIVO:<\/strong><br><a href=\"http:\/\/www.oarcanjo.net\/site\/aovivo\">www.oarcanjo.net\/site\/aovivo<\/a><br><a href=\"http:\/\/www.youtube.com\/oarcanjonoar\/live\" target=\"_blank\" rel=\"noopener\">www.youtube.com\/oarcanjonoar\/live<\/a><br><a href=\"http:\/\/www.facebook.com\/oarcanjonoar\/live\" target=\"_blank\" rel=\"noopener\">www.facebook.com\/oarcanjonoar\/live<\/a><\/p>\t<\/div>\n\n\t<\/div>\n<!-- \/module box -->\n\t\t\t\t\t\t\t\t\t\n\t\t\t\t\t\t\t\t\t\t\t\t\t\t\t\t\t<\/div>\n\t\t\t\t\t\t\t\t<!-- \/col -->\n\t\t\t\t\t\t\n\t\t\t\t\t\t\t\t<div class=\"col3-1 last tb-column\">\n\t\t\t\t\t\t\t\t\t\t\t\t\t\t\t\t\t\t\t\n\t\t\t\t\t\t\t\t\t\t\n<!-- module text -->\n<div id=\"text-65446-2-2-0\" class=\"module module-text text-65446-2-2-0   \">\n\t\n\t\t\n\t<iframe loading=\"lazy\" width=\"300\" height=\"490\" src=\"https:\/\/www.facebook.com\/plugins\/page.php?href=https%3A%2F%2Fwww.facebook.com%2FOArcanjoNoAr&#038;tabs=timeline&#038;width=300&#038;height=490&#038;small_header=true&#038;adapt_container_width=true&#038;hide_cover=false&#038;show_facepile=false&#038;appId\" frameborder=\"0\" scrolling=\"no\" style=\"border: none; overflow: hidden;\"><\/iframe>\n\t<\/div>\n<!-- \/module text -->\n\t\t\t\t\t\t\t\t\t\n\t\t\t\t\t\t\t\t\t\t\t\t\t\t\t\t\t<\/div>\n\t\t\t\t\t\t\t\t<!-- \/col -->\n\t\t\t\t\t\t  \n\n\t\t\t\t\t\n\t\t\t\t\t\t\t\t\t\t\n\t\t\t\t\t\t\t\t\t\n\t\t\t\t<\/div>\n\t\t\t\t<!-- \/row_inner -->\n\t\t\t<\/div>\n\t\t\t<!-- \/module_row -->\n\t\t\t\n\t\t\t\n\t\t\t<!-- module_row -->\n\t\t\t<div class=\"themify_builder_row module_row module_row_3 clearfix section-\" >\n\n\t\t\t\t<div class=\"row_inner\">\n\t\t\t\t\n\t\t\t\t\t\n\t\t\t\t\t\n\t\t\t\t\t\n\t\t\t\t\t\t\t\t<div class=\"col-full first tb-column\">\n\t\t\t\t\t\t\t\t\t\t\t\t\t\t\t\t\t\t\t\n\t\t\t\t\t\t\t\t\t\t\n<!-- module slider blog -->\n<div id=\"slider-65446-3-0-0-loader\" class=\"themify_builder_slider_loader\" style=\"height:50px;\"><\/div>\n<div id=\"slider-65446-3-0-0\" class=\"module module-slider slider-65446-3-0-0 themify_builder_slider_wrap clearfix  slider-caption-overlay \">\n\n\t\t<h3 class=\"module-title\">Hist\u00f3rias dos santos e santas<\/h3>\n\t\n\t<ul class=\"themify_builder_slider\" \n\t\tdata-id=\"slider-65446-3-0-0\" \n\t\tdata-visible=\"5\" \n\t\tdata-scroll=\"1\" \n\t\tdata-auto-scroll=\"4\"\n\t\tdata-speed=\"1\"\n\t\tdata-wrapper=\"no\"\n\t\tdata-arrow=\"yes\"\n\t\tdata-pagination=\"no\"\n\t\tdata-effect=\"scroll\" \n\t\tdata-pause-on-hover=\"resume\" >\n\t\t\n\t\t\n\t\t<li style=\" \">\n\t\t\t\t\t\t\t\t\t\t\t\t\t\t\t<figure class=\"slide-image\">\n\t\t\t\t\t\t\t\t\t\t\t\t\t\t\t<a href=\"https:\/\/www.oarcanjo.net\/site\/carlo-acutis-o-padroeiro-da-internet\/\" title=\"Carlo Acutis, o padroeiro da internet\">\n\t\t\t\t\t\t\t\t\t<img src='https:\/\/www.oarcanjo.net\/site\/wp-content\/uploads\/2025223-Beato02-1239x695.jpg' alt='Carlo Acutis, o padroeiro da internet'     \/>\t\t\t\t\t\t\t\t<\/a>\n\t\t\t\t\t\t\t\t\t\t\t\t\t<\/figure>\n\t\t\t\t\t\t\t\t\t\t\t\t\t\t\t\n\t\t\t\t\t\t<div class=\"slide-content\">\n\t\t\t\t\n\t\t\t\t\t\t\t\t\t\t\t\t\t\t\t<h3 class=\"slide-title\"><a href=\"https:\/\/www.oarcanjo.net\/site\/carlo-acutis-o-padroeiro-da-internet\/\" title=\"Carlo Acutis, o padroeiro da internet\">Carlo Acutis, o padroeiro da internet<\/a><\/h3>\n\t\t\t\t\t\t\t\t\t\t\t\t\t\n\t\t\t\t\n\t\t\t\t\t\t\t<\/div>\n\t\t\t<!-- \/slide-content -->\n\t\t\t\t\t<\/li>\n\t\t\n\t\t<li style=\" \">\n\t\t\t\t\t\t\t\t\t\t\t\t\t\t\t<figure class=\"slide-image\">\n\t\t\t\t\t\t\t\t\t\t\t\t\t\t\t<a href=\"https:\/\/www.oarcanjo.net\/site\/sao-romero-das-americas-sua-ultima-homilia\/\" title=\"S\u00e3o Romero das Am\u00e9ricas, sua \u00faltima homilia\">\n\t\t\t\t\t\t\t\t\t<img src='https:\/\/www.oarcanjo.net\/site\/wp-content\/uploads\/banner-sao-oscar-romero-rogai-por-nos-700x390.jpg' alt='S\u00e3o Romero das Am\u00e9ricas, sua \u00faltima homilia'     \/>\t\t\t\t\t\t\t\t<\/a>\n\t\t\t\t\t\t\t\t\t\t\t\t\t<\/figure>\n\t\t\t\t\t\t\t\t\t\t\t\t\t\t\t\n\t\t\t\t\t\t<div class=\"slide-content\">\n\t\t\t\t\n\t\t\t\t\t\t\t\t\t\t\t\t\t\t\t<h3 class=\"slide-title\"><a href=\"https:\/\/www.oarcanjo.net\/site\/sao-romero-das-americas-sua-ultima-homilia\/\" title=\"S\u00e3o Romero das Am\u00e9ricas, sua \u00faltima homilia\">S\u00e3o Romero das Am\u00e9ricas, sua \u00faltima homilia<\/a><\/h3>\n\t\t\t\t\t\t\t\t\t\t\t\t\t\n\t\t\t\t\n\t\t\t\t\t\t\t<\/div>\n\t\t\t<!-- \/slide-content -->\n\t\t\t\t\t<\/li>\n\t\t\n\t\t<li style=\" \">\n\t\t\t\t\t\t\t\t\t\t\t\t\t\t\t<figure class=\"slide-image\">\n\t\t\t\t\t\t\t\t\t\t\t\t\t\t\t<a href=\"https:\/\/www.oarcanjo.net\/site\/sao-vicente-de-paulo\/\" title=\"S\u00e3o Vicente de Paulo\">\n\t\t\t\t\t\t\t\t\t<img src='http:\/\/3.bp.blogspot.com\/_K5-9KuKdEMg\/Sr6pwFgGhGI\/AAAAAAAACNc\/870HwSxUZNg\/s400\/sao-vicente-de-paula.jpg' alt='S\u00e3o Vicente de Paulo'     \/>\t\t\t\t\t\t\t\t<\/a>\n\t\t\t\t\t\t\t\t\t\t\t\t\t<\/figure>\n\t\t\t\t\t\t\t\t\t\t\t\t\t\t\t\n\t\t\t\t\t\t<div class=\"slide-content\">\n\t\t\t\t\n\t\t\t\t\t\t\t\t\t\t\t\t\t\t\t<h3 class=\"slide-title\"><a href=\"https:\/\/www.oarcanjo.net\/site\/sao-vicente-de-paulo\/\" title=\"S\u00e3o Vicente de Paulo\">S\u00e3o Vicente de Paulo<\/a><\/h3>\n\t\t\t\t\t\t\t\t\t\t\t\t\t\n\t\t\t\t\n\t\t\t\t\t\t\t<\/div>\n\t\t\t<!-- \/slide-content -->\n\t\t\t\t\t<\/li>\n\t\t\n\t\t<li style=\" \">\n\t\t\t\t\t\t\t\t\t\t\t\t\t\t\t<figure class=\"slide-image\">\n\t\t\t\t\t\t\t\t\t\t\t\t\t\t\t<a href=\"https:\/\/www.oarcanjo.net\/site\/sao-roque-protetor-contra-as-pestes\/\" title=\"S\u00e3o Roque, protetor contra as pestes\">\n\t\t\t\t\t\t\t\t\t<img src='https:\/\/www.oarcanjo.net\/site\/wp-content\/uploads\/20200816SaoRoque02-959x535.png' alt='S\u00e3o Roque, protetor contra as pestes'     \/>\t\t\t\t\t\t\t\t<\/a>\n\t\t\t\t\t\t\t\t\t\t\t\t\t<\/figure>\n\t\t\t\t\t\t\t\t\t\t\t\t\t\t\t\n\t\t\t\t\t\t<div class=\"slide-content\">\n\t\t\t\t\n\t\t\t\t\t\t\t\t\t\t\t\t\t\t\t<h3 class=\"slide-title\"><a href=\"https:\/\/www.oarcanjo.net\/site\/sao-roque-protetor-contra-as-pestes\/\" title=\"S\u00e3o Roque, protetor contra as pestes\">S\u00e3o Roque, protetor contra as pestes<\/a><\/h3>\n\t\t\t\t\t\t\t\t\t\t\t\t\t\n\t\t\t\t\n\t\t\t\t\t\t\t<\/div>\n\t\t\t<!-- \/slide-content -->\n\t\t\t\t\t<\/li>\n\t\t\n\t\t<li style=\" \">\n\t\t\t\t\t\t\t\t\t\t\t\t\t\t\t<figure class=\"slide-image\">\n\t\t\t\t\t\t\t\t\t\t\t\t\t\t\t<a href=\"https:\/\/www.oarcanjo.net\/site\/15-anos-sem-irma-dorothy\/\" title=\"15 anos sem irm\u00e3 Dorothy\">\n\t\t\t\t\t\t\t\t\t<img src='https:\/\/www.oarcanjo.net\/site\/wp-content\/uploads\/ir-dorothy-700-700x320.jpg' alt='15 anos sem irm\u00e3 Dorothy'     \/>\t\t\t\t\t\t\t\t<\/a>\n\t\t\t\t\t\t\t\t\t\t\t\t\t<\/figure>\n\t\t\t\t\t\t\t\t\t\t\t\t\t\t\t\n\t\t\t\t\t\t<div class=\"slide-content\">\n\t\t\t\t\n\t\t\t\t\t\t\t\t\t\t\t\t\t\t\t<h3 class=\"slide-title\"><a href=\"https:\/\/www.oarcanjo.net\/site\/15-anos-sem-irma-dorothy\/\" title=\"15 anos sem irm\u00e3 Dorothy\">15 anos sem irm\u00e3 Dorothy<\/a><\/h3>\n\t\t\t\t\t\t\t\t\t\t\t\t\t\n\t\t\t\t\n\t\t\t\t\t\t\t<\/div>\n\t\t\t<!-- \/slide-content -->\n\t\t\t\t\t<\/li>\n\t\t\n\t\t<li style=\" \">\n\t\t\t\t\t\t\t\t\t\t\t\t\t\t\t<figure class=\"slide-image\">\n\t\t\t\t\t\t\t\t\t\t\t\t\t\t\t<a href=\"https:\/\/www.oarcanjo.net\/site\/querida-amazonia-a-ressurreicao-da-irma-dorothy-stang\/\" title=\"\u201cQuerida Amaz\u00f4nia&#8221;: a ressurrei\u00e7\u00e3o da irm\u00e3 Dorothy Stang\">\n\t\t\t\t\t\t\t\t\t<img src='https:\/\/www.oarcanjo.net\/site\/wp-content\/uploads\/Holy-Passion-Bearer-Dorothy-Stang-163-300x225.jpg' alt='\u201cQuerida Amaz\u00f4nia&#8221;: a ressurrei\u00e7\u00e3o da irm\u00e3 Dorothy Stang'     \/>\t\t\t\t\t\t\t\t<\/a>\n\t\t\t\t\t\t\t\t\t\t\t\t\t<\/figure>\n\t\t\t\t\t\t\t\t\t\t\t\t\t\t\t\n\t\t\t\t\t\t<div class=\"slide-content\">\n\t\t\t\t\n\t\t\t\t\t\t\t\t\t\t\t\t\t\t\t<h3 class=\"slide-title\"><a href=\"https:\/\/www.oarcanjo.net\/site\/querida-amazonia-a-ressurreicao-da-irma-dorothy-stang\/\" title=\"\u201cQuerida Amaz\u00f4nia&#8221;: a ressurrei\u00e7\u00e3o da irm\u00e3 Dorothy Stang\">\u201cQuerida Amaz\u00f4nia&#8221;: a ressurrei\u00e7\u00e3o da irm\u00e3 Dorothy Stang<\/a><\/h3>\n\t\t\t\t\t\t\t\t\t\t\t\t\t\n\t\t\t\t\n\t\t\t\t\t\t\t<\/div>\n\t\t\t<!-- \/slide-content -->\n\t\t\t\t\t<\/li>\n\t\t\n\t\t<li style=\" \">\n\t\t\t\t\t\t\t\t\t\t\t\t\t\t\t<figure class=\"slide-image\">\n\t\t\t\t\t\t\t\t\t\t\t\t\t\t\t<a href=\"https:\/\/www.oarcanjo.net\/site\/sao-luis-gonzaga\/\" title=\"S\u00e3o Lu\u00eds Gonzaga\">\n\t\t\t\t\t\t\t\t\t<img src='https:\/\/www.oarcanjo.net\/site\/wp-content\/uploads\/Sao-Luiz-Gonzaga-800x1148.jpg' alt='S\u00e3o Lu\u00eds Gonzaga'     \/>\t\t\t\t\t\t\t\t<\/a>\n\t\t\t\t\t\t\t\t\t\t\t\t\t<\/figure>\n\t\t\t\t\t\t\t\t\t\t\t\t\t\t\t\n\t\t\t\t\t\t<div class=\"slide-content\">\n\t\t\t\t\n\t\t\t\t\t\t\t\t\t\t\t\t\t\t\t<h3 class=\"slide-title\"><a href=\"https:\/\/www.oarcanjo.net\/site\/sao-luis-gonzaga\/\" title=\"S\u00e3o Lu\u00eds Gonzaga\">S\u00e3o Lu\u00eds Gonzaga<\/a><\/h3>\n\t\t\t\t\t\t\t\t\t\t\t\t\t\n\t\t\t\t\n\t\t\t\t\t\t\t<\/div>\n\t\t\t<!-- \/slide-content -->\n\t\t\t\t\t<\/li>\n\t\t\n\t\t<li style=\" \">\n\t\t\t\t\t\t\t\t\t\t\t\t\t\t\t<figure class=\"slide-image\">\n\t\t\t\t\t\t\t\t\t\t\t\t\t\t\t<a href=\"https:\/\/www.oarcanjo.net\/site\/bem-aventurada-ana-maria-taigi\/\" title=\"Bem Aventurada Ana Maria Taigi\">\n\t\t\t\t\t\t\t\t\t<img src='http:\/\/www.sainte-philomene.info\/images\/Anna_Maria_Taigi.jpg' alt='Bem Aventurada Ana Maria Taigi'     \/>\t\t\t\t\t\t\t\t<\/a>\n\t\t\t\t\t\t\t\t\t\t\t\t\t<\/figure>\n\t\t\t\t\t\t\t\t\t\t\t\t\t\t\t\n\t\t\t\t\t\t<div class=\"slide-content\">\n\t\t\t\t\n\t\t\t\t\t\t\t\t\t\t\t\t\t\t\t<h3 class=\"slide-title\"><a href=\"https:\/\/www.oarcanjo.net\/site\/bem-aventurada-ana-maria-taigi\/\" title=\"Bem Aventurada Ana Maria Taigi\">Bem Aventurada Ana Maria Taigi<\/a><\/h3>\n\t\t\t\t\t\t\t\t\t\t\t\t\t\n\t\t\t\t\n\t\t\t\t\t\t\t<\/div>\n\t\t\t<!-- \/slide-content -->\n\t\t\t\t\t<\/li>\n\t\t\n\t\t<li style=\" \">\n\t\t\t\t\t\t\t\t\t\t\t\t\t\t\t<figure class=\"slide-image\">\n\t\t\t\t\t\t\t\t\t\t\t\t\t\t\t<a href=\"https:\/\/www.oarcanjo.net\/site\/santo-efrem\/\" title=\"Santo Efr\u00e9m\">\n\t\t\t\t\t\t\t\t\t<img src='https:\/\/www.oarcanjo.net\/site\/wp-content\/uploads\/Sao-Efrem-299x450.jpg' alt='Santo Efr\u00e9m'     \/>\t\t\t\t\t\t\t\t<\/a>\n\t\t\t\t\t\t\t\t\t\t\t\t\t<\/figure>\n\t\t\t\t\t\t\t\t\t\t\t\t\t\t\t\n\t\t\t\t\t\t<div class=\"slide-content\">\n\t\t\t\t\n\t\t\t\t\t\t\t\t\t\t\t\t\t\t\t<h3 class=\"slide-title\"><a href=\"https:\/\/www.oarcanjo.net\/site\/santo-efrem\/\" title=\"Santo Efr\u00e9m\">Santo Efr\u00e9m<\/a><\/h3>\n\t\t\t\t\t\t\t\t\t\t\t\t\t\n\t\t\t\t\n\t\t\t\t\t\t\t<\/div>\n\t\t\t<!-- \/slide-content -->\n\t\t\t\t\t<\/li>\n\t\t\n\t\t<li style=\" \">\n\t\t\t\t\t\t\t\t\t\t\t\t\t\t\t<figure class=\"slide-image\">\n\t\t\t\t\t\t\t\t\t\t\t\t\t\t\t<a href=\"https:\/\/www.oarcanjo.net\/site\/bem-aventurado-pacifico-de-cerano\/\" title=\"Bem Aventurado Pac\u00edfico de Cerano\">\n\t\t\t\t\t\t\t\t\t<img src='http:\/\/4.bp.blogspot.com\/_z-c0Sh5Zlrs\/SJv-m1Xv0PI\/AAAAAAAABjE\/14x9o0eQ2_0\/s400\/Pac\u00edfico de Cerano.jpg' alt='Bem Aventurado Pac\u00edfico de Cerano'     \/>\t\t\t\t\t\t\t\t<\/a>\n\t\t\t\t\t\t\t\t\t\t\t\t\t<\/figure>\n\t\t\t\t\t\t\t\t\t\t\t\t\t\t\t\n\t\t\t\t\t\t<div class=\"slide-content\">\n\t\t\t\t\n\t\t\t\t\t\t\t\t\t\t\t\t\t\t\t<h3 class=\"slide-title\"><a href=\"https:\/\/www.oarcanjo.net\/site\/bem-aventurado-pacifico-de-cerano\/\" title=\"Bem Aventurado Pac\u00edfico de Cerano\">Bem Aventurado Pac\u00edfico de Cerano<\/a><\/h3>\n\t\t\t\t\t\t\t\t\t\t\t\t\t\n\t\t\t\t\n\t\t\t\t\t\t\t<\/div>\n\t\t\t<!-- \/slide-content -->\n\t\t\t\t\t<\/li>\n\t\t\n\t\t\n\t<\/ul>\n\t<!-- \/themify_builder_slider -->\n\n<\/div>\n<!-- \/module slider blog -->\n\t\t\t\t\t\t\t\t\t\n\t\t\t\t\t\t\t\t\t\t\t\t\t\t\t\t\t<\/div>\n\t\t\t\t\t\t\t\t<!-- \/col -->\n\t\t\t\t\t\t  \n\n\t\t\t\t\t\n\t\t\t\t\t\t\t\t\t\t\n\t\t\t\t\t\t\t\t\t\n\t\t\t\t<\/div>\n\t\t\t\t<!-- \/row_inner -->\n\t\t\t<\/div>\n\t\t\t<!-- \/module_row -->\n\t\t\t\n<\/div>\n<!-- \/themify_builder_content -->","protected":false},"excerpt":{"rendered":"","protected":false},"author":5,"featured_media":0,"parent":0,"menu_order":0,"comment_status":"closed","ping_status":"closed","template":"","meta":{"ngg_post_thumbnail":0,"footnotes":""},"yoast_head":"<!-- This site is optimized with the Yoast SEO plugin v23.5 - https:\/\/yoast.com\/wordpress\/plugins\/seo\/ -->\n<title>Home - O Arcanjo no ar<\/title>\n<meta name=\"robots\" content=\"index, follow, max-snippet:-1, max-image-preview:large, max-video-preview:-1\" \/>\n<link rel=\"canonical\" href=\"https:\/\/www.oarcanjo.net\/site\/\" \/>\n<meta property=\"og:locale\" content=\"pt_BR\" \/>\n<meta property=\"og:type\" content=\"article\" \/>\n<meta property=\"og:title\" content=\"Home - O Arcanjo no ar\" \/>\n<meta property=\"og:url\" content=\"https:\/\/www.oarcanjo.net\/site\/\" \/>\n<meta property=\"og:site_name\" content=\"O Arcanjo no ar\" \/>\n<meta property=\"article:publisher\" content=\"https:\/\/www.facebook.com\/OArcanjoNoAr\/\" \/>\n<meta property=\"article:modified_time\" content=\"2025-09-28T20:34:23+00:00\" \/>\n<meta property=\"og:image\" content=\"https:\/\/www.oarcanjo.net\/site\/wp-content\/uploads\/logo-o-arcanjo-no-ar-facebook.png\" \/>\n\t<meta property=\"og:image:width\" content=\"300\" \/>\n\t<meta property=\"og:image:height\" content=\"300\" \/>\n\t<meta property=\"og:image:type\" content=\"image\/png\" \/>\n<meta name=\"twitter:card\" content=\"summary_large_image\" \/>\n<script type=\"application\/ld+json\" class=\"yoast-schema-graph\">{\"@context\":\"https:\/\/schema.org\",\"@graph\":[{\"@type\":\"WebPage\",\"@id\":\"https:\/\/www.oarcanjo.net\/site\/\",\"url\":\"https:\/\/www.oarcanjo.net\/site\/\",\"name\":\"Home - O Arcanjo no ar\",\"isPartOf\":{\"@id\":\"https:\/\/www.oarcanjo.net\/site\/#website\"},\"datePublished\":\"2015-09-29T17:38:01+00:00\",\"dateModified\":\"2025-09-28T20:34:23+00:00\",\"breadcrumb\":{\"@id\":\"https:\/\/www.oarcanjo.net\/site\/#breadcrumb\"},\"inLanguage\":\"pt-BR\",\"potentialAction\":[{\"@type\":\"ReadAction\",\"target\":[\"https:\/\/www.oarcanjo.net\/site\/\"]}]},{\"@type\":\"BreadcrumbList\",\"@id\":\"https:\/\/www.oarcanjo.net\/site\/#breadcrumb\",\"itemListElement\":[{\"@type\":\"ListItem\",\"position\":1,\"name\":\"In\u00edcio\",\"item\":\"https:\/\/www.oarcanjo.net\/site\/\"},{\"@type\":\"ListItem\",\"position\":2,\"name\":\"Home\"}]},{\"@type\":\"WebSite\",\"@id\":\"https:\/\/www.oarcanjo.net\/site\/#website\",\"url\":\"https:\/\/www.oarcanjo.net\/site\/\",\"name\":\"O Arcanjo no ar\",\"description\":\"Site da Par\u00f3quia S\u00e3o Miguel Arcanjo (Arquidiocese de SP)\",\"publisher\":{\"@id\":\"https:\/\/www.oarcanjo.net\/site\/#organization\"},\"potentialAction\":[{\"@type\":\"SearchAction\",\"target\":{\"@type\":\"EntryPoint\",\"urlTemplate\":\"https:\/\/www.oarcanjo.net\/site\/?s={search_term_string}\"},\"query-input\":{\"@type\":\"PropertyValueSpecification\",\"valueRequired\":true,\"valueName\":\"search_term_string\"}}],\"inLanguage\":\"pt-BR\"},{\"@type\":\"Organization\",\"@id\":\"https:\/\/www.oarcanjo.net\/site\/#organization\",\"name\":\"Par\u00f3quia S\u00e3o Miguel Arcanjo\",\"url\":\"https:\/\/www.oarcanjo.net\/site\/\",\"logo\":{\"@type\":\"ImageObject\",\"inLanguage\":\"pt-BR\",\"@id\":\"https:\/\/www.oarcanjo.net\/site\/#\/schema\/logo\/image\/\",\"url\":\"https:\/\/www.oarcanjo.net\/site\/wp-content\/uploads\/LogoOArcanjo.png\",\"contentUrl\":\"https:\/\/www.oarcanjo.net\/site\/wp-content\/uploads\/LogoOArcanjo.png\",\"width\":319,\"height\":99,\"caption\":\"Par\u00f3quia S\u00e3o Miguel Arcanjo\"},\"image\":{\"@id\":\"https:\/\/www.oarcanjo.net\/site\/#\/schema\/logo\/image\/\"},\"sameAs\":[\"https:\/\/www.facebook.com\/OArcanjoNoAr\/\"]}]}<\/script>\n<!-- \/ Yoast SEO plugin. -->","yoast_head_json":{"title":"Home - O Arcanjo no ar","robots":{"index":"index","follow":"follow","max-snippet":"max-snippet:-1","max-image-preview":"max-image-preview:large","max-video-preview":"max-video-preview:-1"},"canonical":"https:\/\/www.oarcanjo.net\/site\/","og_locale":"pt_BR","og_type":"article","og_title":"Home - O Arcanjo no ar","og_url":"https:\/\/www.oarcanjo.net\/site\/","og_site_name":"O Arcanjo no ar","article_publisher":"https:\/\/www.facebook.com\/OArcanjoNoAr\/","article_modified_time":"2025-09-28T20:34:23+00:00","og_image":[{"width":300,"height":300,"url":"https:\/\/www.oarcanjo.net\/site\/wp-content\/uploads\/logo-o-arcanjo-no-ar-facebook.png","type":"image\/png"}],"twitter_card":"summary_large_image","schema":{"@context":"https:\/\/schema.org","@graph":[{"@type":"WebPage","@id":"https:\/\/www.oarcanjo.net\/site\/","url":"https:\/\/www.oarcanjo.net\/site\/","name":"Home - O Arcanjo no ar","isPartOf":{"@id":"https:\/\/www.oarcanjo.net\/site\/#website"},"datePublished":"2015-09-29T17:38:01+00:00","dateModified":"2025-09-28T20:34:23+00:00","breadcrumb":{"@id":"https:\/\/www.oarcanjo.net\/site\/#breadcrumb"},"inLanguage":"pt-BR","potentialAction":[{"@type":"ReadAction","target":["https:\/\/www.oarcanjo.net\/site\/"]}]},{"@type":"BreadcrumbList","@id":"https:\/\/www.oarcanjo.net\/site\/#breadcrumb","itemListElement":[{"@type":"ListItem","position":1,"name":"In\u00edcio","item":"https:\/\/www.oarcanjo.net\/site\/"},{"@type":"ListItem","position":2,"name":"Home"}]},{"@type":"WebSite","@id":"https:\/\/www.oarcanjo.net\/site\/#website","url":"https:\/\/www.oarcanjo.net\/site\/","name":"O Arcanjo no ar","description":"Site da Par\u00f3quia S\u00e3o Miguel Arcanjo (Arquidiocese de SP)","publisher":{"@id":"https:\/\/www.oarcanjo.net\/site\/#organization"},"potentialAction":[{"@type":"SearchAction","target":{"@type":"EntryPoint","urlTemplate":"https:\/\/www.oarcanjo.net\/site\/?s={search_term_string}"},"query-input":{"@type":"PropertyValueSpecification","valueRequired":true,"valueName":"search_term_string"}}],"inLanguage":"pt-BR"},{"@type":"Organization","@id":"https:\/\/www.oarcanjo.net\/site\/#organization","name":"Par\u00f3quia S\u00e3o Miguel Arcanjo","url":"https:\/\/www.oarcanjo.net\/site\/","logo":{"@type":"ImageObject","inLanguage":"pt-BR","@id":"https:\/\/www.oarcanjo.net\/site\/#\/schema\/logo\/image\/","url":"https:\/\/www.oarcanjo.net\/site\/wp-content\/uploads\/LogoOArcanjo.png","contentUrl":"https:\/\/www.oarcanjo.net\/site\/wp-content\/uploads\/LogoOArcanjo.png","width":319,"height":99,"caption":"Par\u00f3quia S\u00e3o Miguel Arcanjo"},"image":{"@id":"https:\/\/www.oarcanjo.net\/site\/#\/schema\/logo\/image\/"},"sameAs":["https:\/\/www.facebook.com\/OArcanjoNoAr\/"]}]}},"publishpress_future_action":{"enabled":false,"date":"2026-05-08 11:46:13","action":"category","newStatus":"draft","terms":[],"taxonomy":""},"publishpress_future_workflow_manual_trigger":{"enabledWorkflows":[]},"_links":{"self":[{"href":"https:\/\/www.oarcanjo.net\/site\/wp-json\/wp\/v2\/pages\/65446"}],"collection":[{"href":"https:\/\/www.oarcanjo.net\/site\/wp-json\/wp\/v2\/pages"}],"about":[{"href":"https:\/\/www.oarcanjo.net\/site\/wp-json\/wp\/v2\/types\/page"}],"author":[{"embeddable":true,"href":"https:\/\/www.oarcanjo.net\/site\/wp-json\/wp\/v2\/users\/5"}],"replies":[{"embeddable":true,"href":"https:\/\/www.oarcanjo.net\/site\/wp-json\/wp\/v2\/comments?post=65446"}],"version-history":[{"count":1,"href":"https:\/\/www.oarcanjo.net\/site\/wp-json\/wp\/v2\/pages\/65446\/revisions"}],"predecessor-version":[{"id":91742,"href":"https:\/\/www.oarcanjo.net\/site\/wp-json\/wp\/v2\/pages\/65446\/revisions\/91742"}],"wp:attachment":[{"href":"https:\/\/www.oarcanjo.net\/site\/wp-json\/wp\/v2\/media?parent=65446"}],"curies":[{"name":"wp","href":"https:\/\/api.w.org\/{rel}","templated":true}]}}