
{"id":9,"date":"2008-09-23T00:13:05","date_gmt":"2008-09-23T03:13:05","guid":{"rendered":"http:\/\/www.oarcanjo.net\/site\/?page_id=9"},"modified":"2014-09-29T14:17:22","modified_gmt":"2014-09-29T17:17:22","slug":"o-paroco","status":"publish","type":"page","link":"https:\/\/www.oarcanjo.net\/site\/o-paroco\/","title":{"rendered":"O P\u00e1roco"},"content":{"rendered":"<div id=\"attachment_366\" style=\"width: 276px\" class=\"wp-caption alignleft\"><img loading=\"lazy\" decoding=\"async\" aria-describedby=\"caption-attachment-366\" src=\"http:\/\/www.oarcanjo.net\/site\/wp-content\/uploads\/pe-julio-lancellotti.jpg\" alt=\"Celebra\u00e7\u00e3o presidida pelo Pe. J\u00falio Lancellotti\" title=\"Pe. J\u00falio Lancellotti\" width=\"266\" height=\"300\" class=\"size-full wp-image-366\" \/><p id=\"caption-attachment-366\" class=\"wp-caption-text\">Celebra\u00e7\u00e3o presidida pelo Pe. J\u00falio Lancellotti<\/p><\/div>\n<p><strong>Quem \u00e9 o p\u00e1roco da igreja S\u00e3o Miguel Arcanjo<\/strong><\/p>\n<p>J\u00falio Renato Lancellotti nasceu em 1948, \u00e9 sacerdote cat\u00f3lico, formado em pedagogia e teologia, foi professor prim\u00e1rio, professor universit\u00e1rio, membro da Pastoral do Menor da Arquidiocese de S\u00e3o Paulo desde seu in\u00edcio e h\u00e1 mais de dez anos \u00e9 o Vig\u00e1rio Episcopal do povo de rua, com muitas virtudes e particularmente a virtude da caridade vivida na esperan\u00e7a. Padre J\u00falio \u00e9 fiel servidor da Igreja de Cristo h\u00e1 24 anos como presb\u00edtero.<\/p>\n<p>\u00c9 p\u00e1roco da pequena Igreja S\u00e3o Miguel Arcanjo, na Mooca, zona leste de S\u00e3o Paulo. Um sacerdote de missa di\u00e1ria e compromisso eterno. Um homem que n\u00e3o se cansa de lutar contra o pecado e a injusti\u00e7a. Um testemunho para a comunidade, em que senhores e senhores se cotizam para ajudar a emancipar pessoas de situa\u00e7\u00f5es de mis\u00e9ria e de exclus\u00e3o.<\/p>\n<p>A categoria &#8220;povo de rua&#8221; n\u00e3o \u00e9 uma cria\u00e7\u00e3o sua, nem neologismo, mas um conceito v\u00e1lido para compreender estas milhares de pessoas que vivem nas ruas paulistanas.<\/p>\n<p>Pesquisa de \u00f3rg\u00e3os de governo e de Universidades revelam que nessa &#8220;categoria&#8221; h\u00e1 fam\u00edlias, h\u00e1 jovens, h\u00e1 gente desempregada, h\u00e1 drogados, h\u00e1 crian\u00e7as, h\u00e1 estrangeiros, h\u00e1 negros, brancos, mesti\u00e7os, h\u00e1 gente pobre e migrante, h\u00e1 gente que foi rica e h\u00e1 at\u00e9 aqueles com universidade feita. H\u00e1 muitos alco\u00f3latras. H\u00e1 muitos jovens. H\u00e1 catadores de papel. H\u00e1 trabalhadores e albergados. E h\u00e1 muitos: algo como dez a quinze mil pessoas. \u00c9, portanto, realidade complexa que exige respostas complexas.<\/p>\n<p>A Igreja de Padre J\u00falio sempre foi abrigo; pequenina que \u00e9, desde seu nascedouro, pois os cat\u00f3licos da Mooca e Belenzinho sempre souberam acolher os mais pobres com amor e carinho. Nenhuma grade jamais existiu nesta Capela e Igreja para impedir de receber qualquer ser humano.<\/p>\n<p>Dezenas de comunidades na Zona Leste, particularmente aquelas que existem nas favelas se cotizaram para construir a comunidade S. Martinho. Para apoiar a Casa Vida, para acompanhar a Liberdade Assistida, para visitar a FEBEM, para valorizar as crian\u00e7as, para apoiar os portadores de HIV-AIDS, para recolher e apoiar migrantes e sem teto. Tudo fizeram para rezar e partilhar na Catedral de Ora\u00e7\u00e3o no bairro da Luz, esta constru\u00edda com doa\u00e7\u00e3o de budistas japoneses da Funda\u00e7\u00e3o Niwano. Fizeram com o Padre J\u00falio aquilo que todos sempre quiseram e buscaram numa cidade digna: transformar as vidas e construir igualdade social.<\/p>\n<p>Padre J\u00falio \u00e9 Doutor Honoris Causa pela PUC-SP.<br \/>\nPadre J\u00falio recebeu no Rio de Janeiro o Pr\u00eamio Alceu Amoroso Lima das m\u00e3os do reitor da Universidade Candido Mendes.<br \/>\nRecebeu tamb\u00e9m o Pr\u00eamio Direitos Humanos 2007, na categoria &#8220;enfrentamento \u00e0 pobreza&#8221;<br \/>\nPadre J\u00falio \u00e9 diretor da Casa Vida I e II.<br \/>\nPadre J\u00falio \u00e9 da Pastoral do Menor. E de in\u00fameras Comiss\u00f5es de Direitos Humanos.<br \/>\nPadre J\u00falio Renato Lancelotti \u00e9 um homem transparente.<br \/>\nN\u00e3o \u00e9 conivente com o pecado nem com a injusti\u00e7a.\n<\/p>\n<p><em>(texto produzido pelo te\u00f3logo Fernando Altemeyer Jr.)<\/em><\/p>\n<p>Leia tamb\u00e9m o <a href=\"http:\/\/www.oarcanjo.net\/site\/index.php\/category\/blog\/\">blog do Pe. J\u00falio<\/a><\/p>\n<p><\/em><\/p>\n<div id=\"themify_builder_content-9\" data-postid=\"9\" class=\"themify_builder_content themify_builder_content-9 themify_builder themify_builder_front\">\n\t<\/div>\n<!-- \/themify_builder_content -->","protected":false},"excerpt":{"rendered":"<p>Quem \u00e9 o p\u00e1roco da igreja S\u00e3o Miguel Arcanjo J\u00falio Renato Lancellotti nasceu em 1948, \u00e9 sacerdote cat\u00f3lico, formado em pedagogia e teologia, foi professor prim\u00e1rio, professor universit\u00e1rio, membro da Pastoral do Menor da Arquidiocese de S\u00e3o Paulo desde seu in\u00edcio e h\u00e1 mais de dez anos \u00e9 o Vig\u00e1rio Episcopal do povo de rua, [&hellip;]<\/p>\n","protected":false},"author":5,"featured_media":0,"parent":0,"menu_order":4,"comment_status":"open","ping_status":"closed","template":"","meta":{"ngg_post_thumbnail":0,"footnotes":""},"yoast_head":"<!-- This site is optimized with the Yoast SEO plugin v23.5 - https:\/\/yoast.com\/wordpress\/plugins\/seo\/ -->\n<title>O P\u00e1roco - O Arcanjo no ar<\/title>\n<meta name=\"robots\" content=\"index, follow, max-snippet:-1, max-image-preview:large, max-video-preview:-1\" \/>\n<link rel=\"canonical\" href=\"https:\/\/www.oarcanjo.net\/site\/o-paroco\/\" \/>\n<meta property=\"og:locale\" content=\"pt_BR\" \/>\n<meta property=\"og:type\" content=\"article\" \/>\n<meta property=\"og:title\" content=\"O P\u00e1roco - O Arcanjo no ar\" \/>\n<meta property=\"og:description\" content=\"Quem \u00e9 o p\u00e1roco da igreja S\u00e3o Miguel Arcanjo J\u00falio Renato Lancellotti nasceu em 1948, \u00e9 sacerdote cat\u00f3lico, formado em pedagogia e teologia, foi professor prim\u00e1rio, professor universit\u00e1rio, membro da Pastoral do Menor da Arquidiocese de S\u00e3o Paulo desde seu in\u00edcio e h\u00e1 mais de dez anos \u00e9 o Vig\u00e1rio Episcopal do povo de rua, [&hellip;]\" \/>\n<meta property=\"og:url\" content=\"https:\/\/www.oarcanjo.net\/site\/o-paroco\/\" \/>\n<meta property=\"og:site_name\" content=\"O Arcanjo no ar\" \/>\n<meta property=\"article:publisher\" content=\"https:\/\/www.facebook.com\/OArcanjoNoAr\/\" \/>\n<meta property=\"article:modified_time\" content=\"2014-09-29T17:17:22+00:00\" \/>\n<meta property=\"og:image\" content=\"http:\/\/www.oarcanjo.net\/site\/wp-content\/uploads\/pe-julio-lancellotti.jpg\" \/>\n<meta name=\"twitter:card\" content=\"summary_large_image\" \/>\n<meta name=\"twitter:label1\" content=\"Est. tempo de leitura\" \/>\n\t<meta name=\"twitter:data1\" content=\"3 minutos\" \/>\n<script type=\"application\/ld+json\" class=\"yoast-schema-graph\">{\"@context\":\"https:\/\/schema.org\",\"@graph\":[{\"@type\":\"WebPage\",\"@id\":\"https:\/\/www.oarcanjo.net\/site\/o-paroco\/\",\"url\":\"https:\/\/www.oarcanjo.net\/site\/o-paroco\/\",\"name\":\"O P\u00e1roco - O Arcanjo no ar\",\"isPartOf\":{\"@id\":\"https:\/\/www.oarcanjo.net\/site\/#website\"},\"primaryImageOfPage\":{\"@id\":\"https:\/\/www.oarcanjo.net\/site\/o-paroco\/#primaryimage\"},\"image\":{\"@id\":\"https:\/\/www.oarcanjo.net\/site\/o-paroco\/#primaryimage\"},\"thumbnailUrl\":\"http:\/\/www.oarcanjo.net\/site\/wp-content\/uploads\/pe-julio-lancellotti.jpg\",\"datePublished\":\"2008-09-23T03:13:05+00:00\",\"dateModified\":\"2014-09-29T17:17:22+00:00\",\"breadcrumb\":{\"@id\":\"https:\/\/www.oarcanjo.net\/site\/o-paroco\/#breadcrumb\"},\"inLanguage\":\"pt-BR\",\"potentialAction\":[{\"@type\":\"ReadAction\",\"target\":[\"https:\/\/www.oarcanjo.net\/site\/o-paroco\/\"]}]},{\"@type\":\"ImageObject\",\"inLanguage\":\"pt-BR\",\"@id\":\"https:\/\/www.oarcanjo.net\/site\/o-paroco\/#primaryimage\",\"url\":\"https:\/\/www.oarcanjo.net\/site\/wp-content\/uploads\/pe-julio-lancellotti.jpg\",\"contentUrl\":\"https:\/\/www.oarcanjo.net\/site\/wp-content\/uploads\/pe-julio-lancellotti.jpg\",\"width\":266,\"height\":300,\"caption\":\"P\u00e1roco da S\u00e3o Miguel Arcanjo\"},{\"@type\":\"BreadcrumbList\",\"@id\":\"https:\/\/www.oarcanjo.net\/site\/o-paroco\/#breadcrumb\",\"itemListElement\":[{\"@type\":\"ListItem\",\"position\":1,\"name\":\"In\u00edcio\",\"item\":\"https:\/\/www.oarcanjo.net\/site\/\"},{\"@type\":\"ListItem\",\"position\":2,\"name\":\"O P\u00e1roco\"}]},{\"@type\":\"WebSite\",\"@id\":\"https:\/\/www.oarcanjo.net\/site\/#website\",\"url\":\"https:\/\/www.oarcanjo.net\/site\/\",\"name\":\"O Arcanjo no ar\",\"description\":\"Site da Par\u00f3quia S\u00e3o Miguel Arcanjo (Arquidiocese de SP)\",\"publisher\":{\"@id\":\"https:\/\/www.oarcanjo.net\/site\/#organization\"},\"potentialAction\":[{\"@type\":\"SearchAction\",\"target\":{\"@type\":\"EntryPoint\",\"urlTemplate\":\"https:\/\/www.oarcanjo.net\/site\/?s={search_term_string}\"},\"query-input\":{\"@type\":\"PropertyValueSpecification\",\"valueRequired\":true,\"valueName\":\"search_term_string\"}}],\"inLanguage\":\"pt-BR\"},{\"@type\":\"Organization\",\"@id\":\"https:\/\/www.oarcanjo.net\/site\/#organization\",\"name\":\"Par\u00f3quia S\u00e3o Miguel Arcanjo\",\"url\":\"https:\/\/www.oarcanjo.net\/site\/\",\"logo\":{\"@type\":\"ImageObject\",\"inLanguage\":\"pt-BR\",\"@id\":\"https:\/\/www.oarcanjo.net\/site\/#\/schema\/logo\/image\/\",\"url\":\"https:\/\/www.oarcanjo.net\/site\/wp-content\/uploads\/LogoOArcanjo.png\",\"contentUrl\":\"https:\/\/www.oarcanjo.net\/site\/wp-content\/uploads\/LogoOArcanjo.png\",\"width\":319,\"height\":99,\"caption\":\"Par\u00f3quia S\u00e3o Miguel Arcanjo\"},\"image\":{\"@id\":\"https:\/\/www.oarcanjo.net\/site\/#\/schema\/logo\/image\/\"},\"sameAs\":[\"https:\/\/www.facebook.com\/OArcanjoNoAr\/\"]}]}<\/script>\n<!-- \/ Yoast SEO plugin. -->","yoast_head_json":{"title":"O P\u00e1roco - O Arcanjo no ar","robots":{"index":"index","follow":"follow","max-snippet":"max-snippet:-1","max-image-preview":"max-image-preview:large","max-video-preview":"max-video-preview:-1"},"canonical":"https:\/\/www.oarcanjo.net\/site\/o-paroco\/","og_locale":"pt_BR","og_type":"article","og_title":"O P\u00e1roco - O Arcanjo no ar","og_description":"Quem \u00e9 o p\u00e1roco da igreja S\u00e3o Miguel Arcanjo J\u00falio Renato Lancellotti nasceu em 1948, \u00e9 sacerdote cat\u00f3lico, formado em pedagogia e teologia, foi professor prim\u00e1rio, professor universit\u00e1rio, membro da Pastoral do Menor da Arquidiocese de S\u00e3o Paulo desde seu in\u00edcio e h\u00e1 mais de dez anos \u00e9 o Vig\u00e1rio Episcopal do povo de rua, [&hellip;]","og_url":"https:\/\/www.oarcanjo.net\/site\/o-paroco\/","og_site_name":"O Arcanjo no ar","article_publisher":"https:\/\/www.facebook.com\/OArcanjoNoAr\/","article_modified_time":"2014-09-29T17:17:22+00:00","og_image":[{"url":"http:\/\/www.oarcanjo.net\/site\/wp-content\/uploads\/pe-julio-lancellotti.jpg"}],"twitter_card":"summary_large_image","twitter_misc":{"Est. tempo de leitura":"3 minutos"},"schema":{"@context":"https:\/\/schema.org","@graph":[{"@type":"WebPage","@id":"https:\/\/www.oarcanjo.net\/site\/o-paroco\/","url":"https:\/\/www.oarcanjo.net\/site\/o-paroco\/","name":"O P\u00e1roco - O Arcanjo no ar","isPartOf":{"@id":"https:\/\/www.oarcanjo.net\/site\/#website"},"primaryImageOfPage":{"@id":"https:\/\/www.oarcanjo.net\/site\/o-paroco\/#primaryimage"},"image":{"@id":"https:\/\/www.oarcanjo.net\/site\/o-paroco\/#primaryimage"},"thumbnailUrl":"http:\/\/www.oarcanjo.net\/site\/wp-content\/uploads\/pe-julio-lancellotti.jpg","datePublished":"2008-09-23T03:13:05+00:00","dateModified":"2014-09-29T17:17:22+00:00","breadcrumb":{"@id":"https:\/\/www.oarcanjo.net\/site\/o-paroco\/#breadcrumb"},"inLanguage":"pt-BR","potentialAction":[{"@type":"ReadAction","target":["https:\/\/www.oarcanjo.net\/site\/o-paroco\/"]}]},{"@type":"ImageObject","inLanguage":"pt-BR","@id":"https:\/\/www.oarcanjo.net\/site\/o-paroco\/#primaryimage","url":"https:\/\/www.oarcanjo.net\/site\/wp-content\/uploads\/pe-julio-lancellotti.jpg","contentUrl":"https:\/\/www.oarcanjo.net\/site\/wp-content\/uploads\/pe-julio-lancellotti.jpg","width":266,"height":300,"caption":"P\u00e1roco da S\u00e3o Miguel Arcanjo"},{"@type":"BreadcrumbList","@id":"https:\/\/www.oarcanjo.net\/site\/o-paroco\/#breadcrumb","itemListElement":[{"@type":"ListItem","position":1,"name":"In\u00edcio","item":"https:\/\/www.oarcanjo.net\/site\/"},{"@type":"ListItem","position":2,"name":"O P\u00e1roco"}]},{"@type":"WebSite","@id":"https:\/\/www.oarcanjo.net\/site\/#website","url":"https:\/\/www.oarcanjo.net\/site\/","name":"O Arcanjo no ar","description":"Site da Par\u00f3quia S\u00e3o Miguel Arcanjo (Arquidiocese de SP)","publisher":{"@id":"https:\/\/www.oarcanjo.net\/site\/#organization"},"potentialAction":[{"@type":"SearchAction","target":{"@type":"EntryPoint","urlTemplate":"https:\/\/www.oarcanjo.net\/site\/?s={search_term_string}"},"query-input":{"@type":"PropertyValueSpecification","valueRequired":true,"valueName":"search_term_string"}}],"inLanguage":"pt-BR"},{"@type":"Organization","@id":"https:\/\/www.oarcanjo.net\/site\/#organization","name":"Par\u00f3quia S\u00e3o Miguel Arcanjo","url":"https:\/\/www.oarcanjo.net\/site\/","logo":{"@type":"ImageObject","inLanguage":"pt-BR","@id":"https:\/\/www.oarcanjo.net\/site\/#\/schema\/logo\/image\/","url":"https:\/\/www.oarcanjo.net\/site\/wp-content\/uploads\/LogoOArcanjo.png","contentUrl":"https:\/\/www.oarcanjo.net\/site\/wp-content\/uploads\/LogoOArcanjo.png","width":319,"height":99,"caption":"Par\u00f3quia S\u00e3o Miguel Arcanjo"},"image":{"@id":"https:\/\/www.oarcanjo.net\/site\/#\/schema\/logo\/image\/"},"sameAs":["https:\/\/www.facebook.com\/OArcanjoNoAr\/"]}]}},"publishpress_future_action":{"enabled":false,"date":"2026-05-08 19:34:46","action":"category","newStatus":"draft","terms":[],"taxonomy":""},"publishpress_future_workflow_manual_trigger":{"enabledWorkflows":[]},"_links":{"self":[{"href":"https:\/\/www.oarcanjo.net\/site\/wp-json\/wp\/v2\/pages\/9"}],"collection":[{"href":"https:\/\/www.oarcanjo.net\/site\/wp-json\/wp\/v2\/pages"}],"about":[{"href":"https:\/\/www.oarcanjo.net\/site\/wp-json\/wp\/v2\/types\/page"}],"author":[{"embeddable":true,"href":"https:\/\/www.oarcanjo.net\/site\/wp-json\/wp\/v2\/users\/5"}],"replies":[{"embeddable":true,"href":"https:\/\/www.oarcanjo.net\/site\/wp-json\/wp\/v2\/comments?post=9"}],"version-history":[{"count":0,"href":"https:\/\/www.oarcanjo.net\/site\/wp-json\/wp\/v2\/pages\/9\/revisions"}],"wp:attachment":[{"href":"https:\/\/www.oarcanjo.net\/site\/wp-json\/wp\/v2\/media?parent=9"}],"curies":[{"name":"wp","href":"https:\/\/api.w.org\/{rel}","templated":true}]}}