
{"id":99286,"date":"2020-04-12T16:06:54","date_gmt":"2020-04-12T19:06:54","guid":{"rendered":"https:\/\/www.oarcanjo.net\/site\/comunicado-batizados-de-12-04-adiados-copy\/"},"modified":"2020-08-09T18:14:57","modified_gmt":"2020-08-09T21:14:57","slug":"apoio-moradores-rua","status":"publish","type":"page","link":"https:\/\/www.oarcanjo.net\/site\/apoio-moradores-rua\/","title":{"rendered":"Apoio aos moradores de rua"},"content":{"rendered":"<p>Em fun\u00e7\u00e3o da pandemia da <strong>Covid-19<\/strong>, o expediente da secretaria da <strong>Par\u00f3quia S\u00e3o Miguel Arcanjo<\/strong> est\u00e1 reduzido ao per\u00edodo das 14h30 \u00e0s 16h30. A partir de ter\u00e7a-feira, 11\/08, tomando as devidas medidas de seguran\u00e7a, a partilha que era feita com os moradores de rua na igreja passa a ser realizada na Comunidade S\u00e3o Martinho de Lima (Rua Siqueira Cardoso, 277). Confira mais detalhes:<\/p>\n<p><iframe loading=\"lazy\" src=\"https:\/\/www.youtube.com\/embed\/JoS14n5Lj08?rel=0\" width=\"700\" height=\"394\" frameborder=\"0\" allowfullscreen=\"allowfullscreen\"><\/iframe><\/p>\n<p>Para fazer doa\u00e7\u00f5es, use as contas banc\u00e1rias abaixo:<\/p>\n<p><strong>Mitra Arquidiocesana de S\u00e3o Paulo<\/strong><br \/>\n<strong>Banco Bradesco:<\/strong> 237<br \/>\n<strong>Ag\u00eancia:<\/strong> 0124<br \/>\n<strong>CC:<\/strong> 0053148-0<br \/>\n<strong>CNPJ:<\/strong> 63.089.825\/0001-44<\/p>\n<p><strong>Par\u00f3quia S\u00e3o Miguel Arcanjo<\/strong><br \/>\n<strong>Banco Bradesco:<\/strong> 237<br \/>\n<strong>Ag\u00eancia:<\/strong> 0299<br \/>\n<strong>CC:<\/strong> 034857-0<br \/>\n<strong>CNPJ:<\/strong> 63.089.825\/0097-96<\/p>\n<p>No in\u00edcio da pandemia, para enfrentar a lentid\u00e3o dos poderes p\u00fablicos, o Pe. Julio lan\u00e7ou a campanha &#8220;<strong>Adote uma fam\u00edlia<\/strong>&#8220;: quem tem condi\u00e7\u00f5es de ajudar assume a di\u00e1ria de hotel para uma fam\u00edlia sem moradia, que assim tamb\u00e9m poder\u00e1 ficar em casa e se proteger da Covid-19.<\/p>\n<p><iframe loading=\"lazy\" src=\"https:\/\/www.youtube.com\/embed\/006xf_olhe8?rel=0\" width=\"700\" height=\"394\" frameborder=\"0\" allowfullscreen=\"allowfullscreen\"><\/iframe><\/p>\n<p>#AdoteUmaFamilia #FiqueEmCasa<\/p>\n<div id=\"themify_builder_content-99286\" data-postid=\"99286\" class=\"themify_builder_content themify_builder_content-99286 themify_builder themify_builder_front\">\n\t<\/div>\n<!-- \/themify_builder_content -->","protected":false},"excerpt":{"rendered":"<p>Em fun\u00e7\u00e3o da pandemia da Covid-19, o expediente da secretaria da Par\u00f3quia S\u00e3o Miguel Arcanjo est\u00e1 reduzido ao per\u00edodo das 14h30 \u00e0s 16h30. A partir de ter\u00e7a-feira, 11\/08, tomando as devidas medidas de seguran\u00e7a, a partilha que era feita com os moradores de rua na igreja passa a ser realizada na Comunidade S\u00e3o Martinho de [&hellip;]<\/p>\n","protected":false},"author":5,"featured_media":0,"parent":0,"menu_order":1,"comment_status":"closed","ping_status":"closed","template":"","meta":{"ngg_post_thumbnail":0,"footnotes":""},"yoast_head":"<!-- This site is optimized with the Yoast SEO plugin v23.5 - https:\/\/yoast.com\/wordpress\/plugins\/seo\/ -->\n<title>Apoio aos moradores de rua - O Arcanjo no ar<\/title>\n<meta name=\"description\" content=\"P\u00e1gina de apoio ao Pe. Julio Lancellotti e ao trabalho dele com moradores de rua e demais exclu\u00eddos da sociedade\" \/>\n<meta name=\"robots\" content=\"index, follow, max-snippet:-1, max-image-preview:large, max-video-preview:-1\" \/>\n<link rel=\"canonical\" href=\"https:\/\/www.oarcanjo.net\/site\/apoio-moradores-rua\/\" \/>\n<meta property=\"og:locale\" content=\"pt_BR\" \/>\n<meta property=\"og:type\" content=\"article\" \/>\n<meta property=\"og:title\" content=\"Apoio aos moradores de rua\" \/>\n<meta property=\"og:description\" content=\"Saiba como apoiar as a\u00e7\u00f5es solid\u00e1rias realizadas pela comunidade S\u00e3o Miguel Arcanjo junto aos moradores de rua, al\u00e9m de outras entidades.\" \/>\n<meta property=\"og:url\" content=\"https:\/\/www.oarcanjo.net\/site\/apoio-moradores-rua\/\" \/>\n<meta property=\"og:site_name\" content=\"O Arcanjo no ar\" \/>\n<meta property=\"article:publisher\" content=\"https:\/\/www.facebook.com\/OArcanjoNoAr\/\" \/>\n<meta property=\"article:modified_time\" content=\"2020-08-09T21:14:57+00:00\" \/>\n<meta property=\"og:image\" content=\"https:\/\/www.oarcanjo.net\/site\/wp-content\/uploads\/banner-voce-quer-colaborar-abr-2020.jpg\" \/>\n\t<meta property=\"og:image:width\" content=\"350\" \/>\n\t<meta property=\"og:image:height\" content=\"350\" \/>\n\t<meta property=\"og:image:type\" content=\"image\/jpeg\" \/>\n<meta name=\"twitter:card\" content=\"summary_large_image\" \/>\n<meta name=\"twitter:title\" content=\"Querida Amaz\u00f4nia, a Exorta\u00e7\u00e3o do Papa Francisco p\u00f3s-S\u00ednodo\" \/>\n<meta name=\"twitter:description\" content=\"Lan\u00e7ada dia 12\/02\/2020, a Exorta\u00e7\u00e3o Apost\u00f3lica Querida Amaz\u00f4nia tra\u00e7a novos caminhos de evangeliza\u00e7\u00e3o e cuidados do meio ambiente e dos pobres. O site O Arcanjo no ar re\u00fane neste p\u00e1gina v\u00eddeos e artigos sobre o tema\" \/>\n<meta name=\"twitter:image\" content=\"https:\/\/www.oarcanjo.net\/site\/wp-content\/uploads\/PapaFrancisco-QueridaAmazonia.jpg\" \/>\n<meta name=\"twitter:label1\" content=\"Est. tempo de leitura\" \/>\n\t<meta name=\"twitter:data1\" content=\"1 minuto\" \/>\n<script type=\"application\/ld+json\" class=\"yoast-schema-graph\">{\"@context\":\"https:\/\/schema.org\",\"@graph\":[{\"@type\":\"WebPage\",\"@id\":\"https:\/\/www.oarcanjo.net\/site\/apoio-moradores-rua\/\",\"url\":\"https:\/\/www.oarcanjo.net\/site\/apoio-moradores-rua\/\",\"name\":\"Apoio aos moradores de rua - O Arcanjo no ar\",\"isPartOf\":{\"@id\":\"https:\/\/www.oarcanjo.net\/site\/#website\"},\"datePublished\":\"2020-04-12T19:06:54+00:00\",\"dateModified\":\"2020-08-09T21:14:57+00:00\",\"description\":\"P\u00e1gina de apoio ao Pe. Julio Lancellotti e ao trabalho dele com moradores de rua e demais exclu\u00eddos da sociedade\",\"breadcrumb\":{\"@id\":\"https:\/\/www.oarcanjo.net\/site\/apoio-moradores-rua\/#breadcrumb\"},\"inLanguage\":\"pt-BR\",\"potentialAction\":[{\"@type\":\"ReadAction\",\"target\":[\"https:\/\/www.oarcanjo.net\/site\/apoio-moradores-rua\/\"]}]},{\"@type\":\"BreadcrumbList\",\"@id\":\"https:\/\/www.oarcanjo.net\/site\/apoio-moradores-rua\/#breadcrumb\",\"itemListElement\":[{\"@type\":\"ListItem\",\"position\":1,\"name\":\"In\u00edcio\",\"item\":\"https:\/\/www.oarcanjo.net\/site\/\"},{\"@type\":\"ListItem\",\"position\":2,\"name\":\"Apoio aos moradores de rua\"}]},{\"@type\":\"WebSite\",\"@id\":\"https:\/\/www.oarcanjo.net\/site\/#website\",\"url\":\"https:\/\/www.oarcanjo.net\/site\/\",\"name\":\"O Arcanjo no ar\",\"description\":\"Site da Par\u00f3quia S\u00e3o Miguel Arcanjo (Arquidiocese de SP)\",\"publisher\":{\"@id\":\"https:\/\/www.oarcanjo.net\/site\/#organization\"},\"potentialAction\":[{\"@type\":\"SearchAction\",\"target\":{\"@type\":\"EntryPoint\",\"urlTemplate\":\"https:\/\/www.oarcanjo.net\/site\/?s={search_term_string}\"},\"query-input\":{\"@type\":\"PropertyValueSpecification\",\"valueRequired\":true,\"valueName\":\"search_term_string\"}}],\"inLanguage\":\"pt-BR\"},{\"@type\":\"Organization\",\"@id\":\"https:\/\/www.oarcanjo.net\/site\/#organization\",\"name\":\"Par\u00f3quia S\u00e3o Miguel Arcanjo\",\"url\":\"https:\/\/www.oarcanjo.net\/site\/\",\"logo\":{\"@type\":\"ImageObject\",\"inLanguage\":\"pt-BR\",\"@id\":\"https:\/\/www.oarcanjo.net\/site\/#\/schema\/logo\/image\/\",\"url\":\"https:\/\/www.oarcanjo.net\/site\/wp-content\/uploads\/LogoOArcanjo.png\",\"contentUrl\":\"https:\/\/www.oarcanjo.net\/site\/wp-content\/uploads\/LogoOArcanjo.png\",\"width\":319,\"height\":99,\"caption\":\"Par\u00f3quia S\u00e3o Miguel Arcanjo\"},\"image\":{\"@id\":\"https:\/\/www.oarcanjo.net\/site\/#\/schema\/logo\/image\/\"},\"sameAs\":[\"https:\/\/www.facebook.com\/OArcanjoNoAr\/\"]}]}<\/script>\n<!-- \/ Yoast SEO plugin. -->","yoast_head_json":{"title":"Apoio aos moradores de rua - O Arcanjo no ar","description":"P\u00e1gina de apoio ao Pe. Julio Lancellotti e ao trabalho dele com moradores de rua e demais exclu\u00eddos da sociedade","robots":{"index":"index","follow":"follow","max-snippet":"max-snippet:-1","max-image-preview":"max-image-preview:large","max-video-preview":"max-video-preview:-1"},"canonical":"https:\/\/www.oarcanjo.net\/site\/apoio-moradores-rua\/","og_locale":"pt_BR","og_type":"article","og_title":"Apoio aos moradores de rua","og_description":"Saiba como apoiar as a\u00e7\u00f5es solid\u00e1rias realizadas pela comunidade S\u00e3o Miguel Arcanjo junto aos moradores de rua, al\u00e9m de outras entidades.","og_url":"https:\/\/www.oarcanjo.net\/site\/apoio-moradores-rua\/","og_site_name":"O Arcanjo no ar","article_publisher":"https:\/\/www.facebook.com\/OArcanjoNoAr\/","article_modified_time":"2020-08-09T21:14:57+00:00","og_image":[{"width":350,"height":350,"url":"https:\/\/www.oarcanjo.net\/site\/wp-content\/uploads\/banner-voce-quer-colaborar-abr-2020.jpg","type":"image\/jpeg"}],"twitter_card":"summary_large_image","twitter_title":"Querida Amaz\u00f4nia, a Exorta\u00e7\u00e3o do Papa Francisco p\u00f3s-S\u00ednodo","twitter_description":"Lan\u00e7ada dia 12\/02\/2020, a Exorta\u00e7\u00e3o Apost\u00f3lica Querida Amaz\u00f4nia tra\u00e7a novos caminhos de evangeliza\u00e7\u00e3o e cuidados do meio ambiente e dos pobres. O site O Arcanjo no ar re\u00fane neste p\u00e1gina v\u00eddeos e artigos sobre o tema","twitter_image":"https:\/\/www.oarcanjo.net\/site\/wp-content\/uploads\/PapaFrancisco-QueridaAmazonia.jpg","twitter_misc":{"Est. tempo de leitura":"1 minuto"},"schema":{"@context":"https:\/\/schema.org","@graph":[{"@type":"WebPage","@id":"https:\/\/www.oarcanjo.net\/site\/apoio-moradores-rua\/","url":"https:\/\/www.oarcanjo.net\/site\/apoio-moradores-rua\/","name":"Apoio aos moradores de rua - O Arcanjo no ar","isPartOf":{"@id":"https:\/\/www.oarcanjo.net\/site\/#website"},"datePublished":"2020-04-12T19:06:54+00:00","dateModified":"2020-08-09T21:14:57+00:00","description":"P\u00e1gina de apoio ao Pe. Julio Lancellotti e ao trabalho dele com moradores de rua e demais exclu\u00eddos da sociedade","breadcrumb":{"@id":"https:\/\/www.oarcanjo.net\/site\/apoio-moradores-rua\/#breadcrumb"},"inLanguage":"pt-BR","potentialAction":[{"@type":"ReadAction","target":["https:\/\/www.oarcanjo.net\/site\/apoio-moradores-rua\/"]}]},{"@type":"BreadcrumbList","@id":"https:\/\/www.oarcanjo.net\/site\/apoio-moradores-rua\/#breadcrumb","itemListElement":[{"@type":"ListItem","position":1,"name":"In\u00edcio","item":"https:\/\/www.oarcanjo.net\/site\/"},{"@type":"ListItem","position":2,"name":"Apoio aos moradores de rua"}]},{"@type":"WebSite","@id":"https:\/\/www.oarcanjo.net\/site\/#website","url":"https:\/\/www.oarcanjo.net\/site\/","name":"O Arcanjo no ar","description":"Site da Par\u00f3quia S\u00e3o Miguel Arcanjo (Arquidiocese de SP)","publisher":{"@id":"https:\/\/www.oarcanjo.net\/site\/#organization"},"potentialAction":[{"@type":"SearchAction","target":{"@type":"EntryPoint","urlTemplate":"https:\/\/www.oarcanjo.net\/site\/?s={search_term_string}"},"query-input":{"@type":"PropertyValueSpecification","valueRequired":true,"valueName":"search_term_string"}}],"inLanguage":"pt-BR"},{"@type":"Organization","@id":"https:\/\/www.oarcanjo.net\/site\/#organization","name":"Par\u00f3quia S\u00e3o Miguel Arcanjo","url":"https:\/\/www.oarcanjo.net\/site\/","logo":{"@type":"ImageObject","inLanguage":"pt-BR","@id":"https:\/\/www.oarcanjo.net\/site\/#\/schema\/logo\/image\/","url":"https:\/\/www.oarcanjo.net\/site\/wp-content\/uploads\/LogoOArcanjo.png","contentUrl":"https:\/\/www.oarcanjo.net\/site\/wp-content\/uploads\/LogoOArcanjo.png","width":319,"height":99,"caption":"Par\u00f3quia S\u00e3o Miguel Arcanjo"},"image":{"@id":"https:\/\/www.oarcanjo.net\/site\/#\/schema\/logo\/image\/"},"sameAs":["https:\/\/www.facebook.com\/OArcanjoNoAr\/"]}]}},"publishpress_future_action":{"enabled":false,"date":"2026-05-07 22:28:30","action":"category","newStatus":"draft","terms":[],"taxonomy":""},"publishpress_future_workflow_manual_trigger":{"enabledWorkflows":[]},"_links":{"self":[{"href":"https:\/\/www.oarcanjo.net\/site\/wp-json\/wp\/v2\/pages\/99286"}],"collection":[{"href":"https:\/\/www.oarcanjo.net\/site\/wp-json\/wp\/v2\/pages"}],"about":[{"href":"https:\/\/www.oarcanjo.net\/site\/wp-json\/wp\/v2\/types\/page"}],"author":[{"embeddable":true,"href":"https:\/\/www.oarcanjo.net\/site\/wp-json\/wp\/v2\/users\/5"}],"replies":[{"embeddable":true,"href":"https:\/\/www.oarcanjo.net\/site\/wp-json\/wp\/v2\/comments?post=99286"}],"version-history":[{"count":9,"href":"https:\/\/www.oarcanjo.net\/site\/wp-json\/wp\/v2\/pages\/99286\/revisions"}],"predecessor-version":[{"id":112103,"href":"https:\/\/www.oarcanjo.net\/site\/wp-json\/wp\/v2\/pages\/99286\/revisions\/112103"}],"wp:attachment":[{"href":"https:\/\/www.oarcanjo.net\/site\/wp-json\/wp\/v2\/media?parent=99286"}],"curies":[{"name":"wp","href":"https:\/\/api.w.org\/{rel}","templated":true}]}}